{"id":941,"date":"2024-10-16T00:15:25","date_gmt":"2024-10-15T23:15:25","guid":{"rendered":"https:\/\/repaircafebudapest.hu\/?post_type=event_listing&#038;p=941"},"modified":"2024-11-03T00:18:54","modified_gmt":"2024-11-02T23:18:54","slug":"varras-workshop-kezdoknek-ujrakezdoknek","status":"expired","type":"event_listing","link":"https:\/\/repaircafebudapest.hu\/en\/event\/varras-workshop-kezdoknek-ujrakezdoknek\/","title":{"rendered":"Varr\u00e1s workshop kezd\u0151knek, \u00fajrakezd\u0151knek"},"content":{"rendered":"<p>Azoknak aj\u00e1nljuk akik<br \/>\n&#8211; m\u00e9g nem, vagy m\u00e1r kicsit tudnak varrni<br \/>\n&#8211; jelenlegi tud\u00e1sukat szeretn\u00e9k fejleszteni<br \/>\nC\u00e9lunk, hogy otthon \u00f6n\u00e1ll\u00f3an belev\u00e1gj, nekikezdj a varr\u00e1snak. Ha b\u00e1rhol megakadsz, a k\u00e9s\u0151bbiek folyam\u00e1n is fordulhatsz hozz\u00e1nk seg\u00edts\u00e9g\u00e9rt.<br \/>\nA workshop alkalm\u00e1val egy v\u00e1llon hordhat\u00f3, k\u00e9t f\u00fcles, k\u00fcls\u0151 \u00e9s bels\u0151zsebes , b\u00e9lelt ( duplaanyag\u00fa) bev\u00e1s\u00e1rl\u00f3 t\u00e1sk\u00e1t k\u00e9sz\u00edt\u00fcnk.<br \/>\nHa m\u00e1r van elk\u00e9pzel\u00e9sed, hozd magaddal az anyagot, amib\u0151l a t\u00e1sk\u00e1t k\u00e9sz\u00edten\u00e9d. Ha nincs, akkor mi biztos\u00edtunk Neked.<\/p>\n<p>A workshop egy elm\u00e9leti \u00e9s gyakorlati r\u00e9szb\u0151l tev\u0151dik \u00f6ssze.<br \/>\n<strong>A workshop d\u00edja 10 000.- \/f\u0151<\/strong><\/p>\n<p>K\u00e9t szakember \u00e1ll majd seg\u00edts\u00e9getekre, a varr\u00f3g\u00e9pet pedig mi biztos\u00edtjuk.<br \/>\n\u00cdg\u00e9rj\u00fck a workshop v\u00e9g\u00e9n k\u00e9sz munk\u00e1val \u00e9s sok hasznos ismerettel t\u00e9rtek haza.<\/p>\n<p>Regisztr\u00e1lni az <a href=\"mailto:info@repaircafebudapest.hu\">info@repaircafebudapest.hu<\/a> e-mail c\u00edmen tudtok <strong>4000.-<\/strong> el\u0151leg befizet\u00e9s\u00e9vel.<\/p>","protected":false},"featured_media":942,"template":"","meta":{"_acf_changed":false},"event_listing_category":[],"event_listing_type":[],"class_list":["post-941","event_listing","type-event_listing","status-expired","has-post-thumbnail","hentry"],"acf":[],"yoast_head":"<!-- This site is optimized with the Yoast SEO Premium plugin v27.4 (Yoast SEO v27.4) - https:\/\/yoast.com\/product\/yoast-seo-premium-wordpress\/ -->\n<title>Varr\u00e1s workshop kezd\u0151knek, \u00fajrakezd\u0151knek - Repair Cafe Budapest<\/title>\n<meta name=\"robots\" content=\"index, follow, max-snippet:-1, max-image-preview:large, max-video-preview:-1\" \/>\n<link rel=\"canonical\" href=\"https:\/\/repaircafebudapest.hu\/en\/event\/varras-workshop-kezdoknek-ujrakezdoknek\/\" \/>\n<meta property=\"og:locale\" content=\"en_GB\" \/>\n<meta property=\"og:type\" content=\"article\" \/>\n<meta property=\"og:title\" content=\"Varr\u00e1s workshop kezd\u0151knek, \u00fajrakezd\u0151knek\" \/>\n<meta property=\"og:description\" content=\"Azoknak aj\u00e1nljuk akik &#8211; m\u00e9g nem, vagy m\u00e1r kicsit tudnak varrni &#8211; jelenlegi tud\u00e1sukat szeretn\u00e9k fejleszteni C\u00e9lunk, hogy otthon \u00f6n\u00e1ll\u00f3an belev\u00e1gj, nekikezdj a varr\u00e1snak. Ha b\u00e1rhol megakadsz, a k\u00e9s\u0151bbiek folyam\u00e1n is fordulhatsz hozz\u00e1nk seg\u00edts\u00e9g\u00e9rt. A workshop alkalm\u00e1val egy v\u00e1llon hordhat\u00f3, k\u00e9t f\u00fcles, k\u00fcls\u0151 \u00e9s bels\u0151zsebes , b\u00e9lelt ( duplaanyag\u00fa) bev\u00e1s\u00e1rl\u00f3 t\u00e1sk\u00e1t k\u00e9sz\u00edt\u00fcnk. Ha m\u00e1r van [&hellip;]\" \/>\n<meta property=\"og:url\" content=\"https:\/\/repaircafebudapest.hu\/en\/event\/varras-workshop-kezdoknek-ujrakezdoknek\/\" \/>\n<meta property=\"og:site_name\" content=\"Repair Cafe Budapest\" \/>\n<meta property=\"article:publisher\" content=\"https:\/\/www.facebook.com\/profile.php?id=61552754066692&amp;locale=hu_HU\" \/>\n<meta property=\"article:modified_time\" content=\"2024-11-02T23:18:54+00:00\" \/>\n<meta property=\"og:image\" content=\"https:\/\/repaircafebudapest.hu\/wp-content\/uploads\/2024\/10\/463017110_122178013148091802_1865759551422090700_n-e1729034174251.webp\" \/>\n\t<meta property=\"og:image:width\" content=\"510\" \/>\n\t<meta property=\"og:image:height\" content=\"340\" \/>\n\t<meta property=\"og:image:type\" content=\"image\/webp\" \/>\n<meta name=\"twitter:card\" content=\"summary_large_image\" \/>\n<meta name=\"twitter:label1\" content=\"Estimated reading time\" \/>\n\t<meta name=\"twitter:data1\" content=\"1 minute\" \/>\n<script type=\"application\/ld+json\" class=\"yoast-schema-graph\">{\"@context\":\"https:\\\/\\\/schema.org\",\"@graph\":[{\"@type\":\"WebPage\",\"@id\":\"https:\\\/\\\/repaircafebudapest.hu\\\/event\\\/varras-workshop-kezdoknek-ujrakezdoknek\\\/\",\"url\":\"https:\\\/\\\/repaircafebudapest.hu\\\/event\\\/varras-workshop-kezdoknek-ujrakezdoknek\\\/\",\"name\":\"Varr\u00e1s workshop kezd\u0151knek, \u00fajrakezd\u0151knek - Repair Cafe Budapest\",\"isPartOf\":{\"@id\":\"https:\\\/\\\/repaircafebudapest.hu\\\/#website\"},\"primaryImageOfPage\":{\"@id\":\"https:\\\/\\\/repaircafebudapest.hu\\\/event\\\/varras-workshop-kezdoknek-ujrakezdoknek\\\/#primaryimage\"},\"image\":{\"@id\":\"https:\\\/\\\/repaircafebudapest.hu\\\/event\\\/varras-workshop-kezdoknek-ujrakezdoknek\\\/#primaryimage\"},\"thumbnailUrl\":\"https:\\\/\\\/repaircafebudapest.hu\\\/wp-content\\\/uploads\\\/2024\\\/10\\\/463017110_122178013148091802_1865759551422090700_n-e1729034174251.webp\",\"datePublished\":\"2024-10-15T23:15:25+00:00\",\"dateModified\":\"2024-11-02T23:18:54+00:00\",\"breadcrumb\":{\"@id\":\"https:\\\/\\\/repaircafebudapest.hu\\\/event\\\/varras-workshop-kezdoknek-ujrakezdoknek\\\/#breadcrumb\"},\"inLanguage\":\"en-GB\",\"potentialAction\":[{\"@type\":\"ReadAction\",\"target\":[\"https:\\\/\\\/repaircafebudapest.hu\\\/event\\\/varras-workshop-kezdoknek-ujrakezdoknek\\\/\"]}]},{\"@type\":\"ImageObject\",\"inLanguage\":\"en-GB\",\"@id\":\"https:\\\/\\\/repaircafebudapest.hu\\\/event\\\/varras-workshop-kezdoknek-ujrakezdoknek\\\/#primaryimage\",\"url\":\"https:\\\/\\\/repaircafebudapest.hu\\\/wp-content\\\/uploads\\\/2024\\\/10\\\/463017110_122178013148091802_1865759551422090700_n-e1729034174251.webp\",\"contentUrl\":\"https:\\\/\\\/repaircafebudapest.hu\\\/wp-content\\\/uploads\\\/2024\\\/10\\\/463017110_122178013148091802_1865759551422090700_n-e1729034174251.webp\",\"width\":510,\"height\":340,\"caption\":\"Varr\u00e1s workshop kezd\u0151knek, \u00fajrakezd\u0151knek\"},{\"@type\":\"BreadcrumbList\",\"@id\":\"https:\\\/\\\/repaircafebudapest.hu\\\/event\\\/varras-workshop-kezdoknek-ujrakezdoknek\\\/#breadcrumb\",\"itemListElement\":[{\"@type\":\"ListItem\",\"position\":1,\"name\":\"Kezd\u0151lap\",\"item\":\"https:\\\/\\\/repaircafebudapest.hu\\\/\"},{\"@type\":\"ListItem\",\"position\":2,\"name\":\"Varr\u00e1s workshop kezd\u0151knek, \u00fajrakezd\u0151knek\"}]},{\"@type\":\"WebSite\",\"@id\":\"https:\\\/\\\/repaircafebudapest.hu\\\/#website\",\"url\":\"https:\\\/\\\/repaircafebudapest.hu\\\/\",\"name\":\"Repair Cafe Budapest\",\"description\":\"Repair Cafe Budapest\",\"publisher\":{\"@id\":\"https:\\\/\\\/repaircafebudapest.hu\\\/#organization\"},\"potentialAction\":[{\"@type\":\"SearchAction\",\"target\":{\"@type\":\"EntryPoint\",\"urlTemplate\":\"https:\\\/\\\/repaircafebudapest.hu\\\/?s={search_term_string}\"},\"query-input\":{\"@type\":\"PropertyValueSpecification\",\"valueRequired\":true,\"valueName\":\"search_term_string\"}}],\"inLanguage\":\"en-GB\"},{\"@type\":\"Organization\",\"@id\":\"https:\\\/\\\/repaircafebudapest.hu\\\/#organization\",\"name\":\"Repair Cafe Budapest\",\"url\":\"https:\\\/\\\/repaircafebudapest.hu\\\/\",\"logo\":{\"@type\":\"ImageObject\",\"inLanguage\":\"en-GB\",\"@id\":\"https:\\\/\\\/repaircafebudapest.hu\\\/#\\\/schema\\\/logo\\\/image\\\/\",\"url\":\"https:\\\/\\\/repaircafebudapest.hu\\\/wp-content\\\/uploads\\\/2023\\\/11\\\/rcb-logo.webp\",\"contentUrl\":\"https:\\\/\\\/repaircafebudapest.hu\\\/wp-content\\\/uploads\\\/2023\\\/11\\\/rcb-logo.webp\",\"width\":2298,\"height\":1000,\"caption\":\"Repair Cafe Budapest\"},\"image\":{\"@id\":\"https:\\\/\\\/repaircafebudapest.hu\\\/#\\\/schema\\\/logo\\\/image\\\/\"},\"sameAs\":[\"https:\\\/\\\/www.facebook.com\\\/profile.php?id=61552754066692&locale=hu_HU\"]}]}<\/script>\n<!-- \/ Yoast SEO Premium plugin. -->","yoast_head_json":{"title":"Varr\u00e1s workshop kezd\u0151knek, \u00fajrakezd\u0151knek - Repair Cafe Budapest","robots":{"index":"index","follow":"follow","max-snippet":"max-snippet:-1","max-image-preview":"max-image-preview:large","max-video-preview":"max-video-preview:-1"},"canonical":"https:\/\/repaircafebudapest.hu\/en\/event\/varras-workshop-kezdoknek-ujrakezdoknek\/","og_locale":"en_GB","og_type":"article","og_title":"Varr\u00e1s workshop kezd\u0151knek, \u00fajrakezd\u0151knek","og_description":"Azoknak aj\u00e1nljuk akik &#8211; m\u00e9g nem, vagy m\u00e1r kicsit tudnak varrni &#8211; jelenlegi tud\u00e1sukat szeretn\u00e9k fejleszteni C\u00e9lunk, hogy otthon \u00f6n\u00e1ll\u00f3an belev\u00e1gj, nekikezdj a varr\u00e1snak. Ha b\u00e1rhol megakadsz, a k\u00e9s\u0151bbiek folyam\u00e1n is fordulhatsz hozz\u00e1nk seg\u00edts\u00e9g\u00e9rt. A workshop alkalm\u00e1val egy v\u00e1llon hordhat\u00f3, k\u00e9t f\u00fcles, k\u00fcls\u0151 \u00e9s bels\u0151zsebes , b\u00e9lelt ( duplaanyag\u00fa) bev\u00e1s\u00e1rl\u00f3 t\u00e1sk\u00e1t k\u00e9sz\u00edt\u00fcnk. Ha m\u00e1r van [&hellip;]","og_url":"https:\/\/repaircafebudapest.hu\/en\/event\/varras-workshop-kezdoknek-ujrakezdoknek\/","og_site_name":"Repair Cafe Budapest","article_publisher":"https:\/\/www.facebook.com\/profile.php?id=61552754066692&locale=hu_HU","article_modified_time":"2024-11-02T23:18:54+00:00","og_image":[{"width":510,"height":340,"url":"https:\/\/repaircafebudapest.hu\/wp-content\/uploads\/2024\/10\/463017110_122178013148091802_1865759551422090700_n-e1729034174251.webp","type":"image\/webp"}],"twitter_card":"summary_large_image","twitter_misc":{"Estimated reading time":"1 minute"},"schema":{"@context":"https:\/\/schema.org","@graph":[{"@type":"WebPage","@id":"https:\/\/repaircafebudapest.hu\/event\/varras-workshop-kezdoknek-ujrakezdoknek\/","url":"https:\/\/repaircafebudapest.hu\/event\/varras-workshop-kezdoknek-ujrakezdoknek\/","name":"Varr\u00e1s workshop kezd\u0151knek, \u00fajrakezd\u0151knek - Repair Cafe Budapest","isPartOf":{"@id":"https:\/\/repaircafebudapest.hu\/#website"},"primaryImageOfPage":{"@id":"https:\/\/repaircafebudapest.hu\/event\/varras-workshop-kezdoknek-ujrakezdoknek\/#primaryimage"},"image":{"@id":"https:\/\/repaircafebudapest.hu\/event\/varras-workshop-kezdoknek-ujrakezdoknek\/#primaryimage"},"thumbnailUrl":"https:\/\/repaircafebudapest.hu\/wp-content\/uploads\/2024\/10\/463017110_122178013148091802_1865759551422090700_n-e1729034174251.webp","datePublished":"2024-10-15T23:15:25+00:00","dateModified":"2024-11-02T23:18:54+00:00","breadcrumb":{"@id":"https:\/\/repaircafebudapest.hu\/event\/varras-workshop-kezdoknek-ujrakezdoknek\/#breadcrumb"},"inLanguage":"en-GB","potentialAction":[{"@type":"ReadAction","target":["https:\/\/repaircafebudapest.hu\/event\/varras-workshop-kezdoknek-ujrakezdoknek\/"]}]},{"@type":"ImageObject","inLanguage":"en-GB","@id":"https:\/\/repaircafebudapest.hu\/event\/varras-workshop-kezdoknek-ujrakezdoknek\/#primaryimage","url":"https:\/\/repaircafebudapest.hu\/wp-content\/uploads\/2024\/10\/463017110_122178013148091802_1865759551422090700_n-e1729034174251.webp","contentUrl":"https:\/\/repaircafebudapest.hu\/wp-content\/uploads\/2024\/10\/463017110_122178013148091802_1865759551422090700_n-e1729034174251.webp","width":510,"height":340,"caption":"Varr\u00e1s workshop kezd\u0151knek, \u00fajrakezd\u0151knek"},{"@type":"BreadcrumbList","@id":"https:\/\/repaircafebudapest.hu\/event\/varras-workshop-kezdoknek-ujrakezdoknek\/#breadcrumb","itemListElement":[{"@type":"ListItem","position":1,"name":"Kezd\u0151lap","item":"https:\/\/repaircafebudapest.hu\/"},{"@type":"ListItem","position":2,"name":"Varr\u00e1s workshop kezd\u0151knek, \u00fajrakezd\u0151knek"}]},{"@type":"WebSite","@id":"https:\/\/repaircafebudapest.hu\/#website","url":"https:\/\/repaircafebudapest.hu\/","name":"Repair Cafe Budapest","description":"Repair Cafe Budapest","publisher":{"@id":"https:\/\/repaircafebudapest.hu\/#organization"},"potentialAction":[{"@type":"SearchAction","target":{"@type":"EntryPoint","urlTemplate":"https:\/\/repaircafebudapest.hu\/?s={search_term_string}"},"query-input":{"@type":"PropertyValueSpecification","valueRequired":true,"valueName":"search_term_string"}}],"inLanguage":"en-GB"},{"@type":"Organization","@id":"https:\/\/repaircafebudapest.hu\/#organization","name":"Repair Cafe Budapest","url":"https:\/\/repaircafebudapest.hu\/","logo":{"@type":"ImageObject","inLanguage":"en-GB","@id":"https:\/\/repaircafebudapest.hu\/#\/schema\/logo\/image\/","url":"https:\/\/repaircafebudapest.hu\/wp-content\/uploads\/2023\/11\/rcb-logo.webp","contentUrl":"https:\/\/repaircafebudapest.hu\/wp-content\/uploads\/2023\/11\/rcb-logo.webp","width":2298,"height":1000,"caption":"Repair Cafe Budapest"},"image":{"@id":"https:\/\/repaircafebudapest.hu\/#\/schema\/logo\/image\/"},"sameAs":["https:\/\/www.facebook.com\/profile.php?id=61552754066692&locale=hu_HU"]}]}},"_links":{"self":[{"href":"https:\/\/repaircafebudapest.hu\/en\/wp-json\/wp\/v2\/event_listing\/941","targetHints":{"allow":["GET"]}}],"collection":[{"href":"https:\/\/repaircafebudapest.hu\/en\/wp-json\/wp\/v2\/event_listing"}],"about":[{"href":"https:\/\/repaircafebudapest.hu\/en\/wp-json\/wp\/v2\/types\/event_listing"}],"wp:featuredmedia":[{"embeddable":true,"href":"https:\/\/repaircafebudapest.hu\/en\/wp-json\/wp\/v2\/media\/942"}],"wp:attachment":[{"href":"https:\/\/repaircafebudapest.hu\/en\/wp-json\/wp\/v2\/media?parent=941"}],"wp:term":[{"taxonomy":"event_listing_category","embeddable":true,"href":"https:\/\/repaircafebudapest.hu\/en\/wp-json\/wp\/v2\/event_listing_category?post=941"},{"taxonomy":"event_listing_type","embeddable":true,"href":"https:\/\/repaircafebudapest.hu\/en\/wp-json\/wp\/v2\/event_listing_type?post=941"}],"curies":[{"name":"wp","href":"https:\/\/api.w.org\/{rel}","templated":true}]}}