{"id":694,"date":"2024-02-28T21:50:00","date_gmt":"2024-02-28T20:50:00","guid":{"rendered":"https:\/\/repaircafebudapest.hu\/?post_type=event_listing&#038;p=694"},"modified":"2024-03-13T00:23:24","modified_gmt":"2024-03-12T23:23:24","slug":"relaxacios-es-kommunikacios-trening","status":"expired","type":"event_listing","link":"https:\/\/repaircafebudapest.hu\/en\/event\/relaxacios-es-kommunikacios-trening\/","title":{"rendered":"Relax\u00e1ci\u00f3s \u00e9s kommunik\u00e1ci\u00f3s tr\u00e9ning"},"content":{"rendered":"<p>M\u00e1rcius 9-11 k\u00f6z\u00f6tt relax\u00e1ci\u00f3s \u00e9s kommunik\u00e1ci\u00f3s tr\u00e9ninget szervez\u00fcnk \u00e9rtelmileg s\u00e9r\u00fclt fiatalok r\u00e9sz\u00e9re.<\/p>\n<p>A foglalkoz\u00e1sok 3&#215;45 percesek lesznek<\/p>\n<p><strong>9-\u00e9n 16-19 \u00f3r\u00e1ig \/ szombat<\/strong><br \/>\n<strong>10-\u00e9n 10-13 \u00f3r\u00e1ig \/ vas\u00e1rnap<\/strong><br \/>\n<strong>11-\u00e9n 16-19 \u00f3r\u00e1ig \/ h\u00e9tf\u0151<\/strong><\/p>\n<p>Tapasztalataink azt mutatj\u00e1k, hogy a bels\u0151 fesz\u00fclts\u00e9g feldolgoz\u00e1sa, vagy ak\u00e1r csak &#8222;kibesz\u00e9l\u00e9se&#8221; is nagy neh\u00e9zs\u00e9get okoz az \u00e9rtelmileg s\u00e9r\u00fcltek r\u00e9sz\u00e9r\u0151l. ez gyakorta vezet auto- vagy heteroagresszi\u00f3hoz.<br \/>\nszakember seg\u00edts\u00e9g\u00e9vel olyan technik\u00e1kat pr\u00f3b\u00e1lunk k\u00f6zvet\u00edteni, megtan\u00edtani, amik ebben seg\u00edts\u00e9get, egyfajta &#8222;mank\u00f3t&#8221; ny\u00fajtanak \u00e9s ak\u00e1r otthon is gyakorolhat\u00f3ak.<br \/>\nA foglalkoz\u00e1sokon r\u00e9szt vehetnek sz\u00fcl\u0151k is, de ez nem felt\u00e9tel.<\/p>\n<p>A k\u00e9pz\u00e9st Hoffer \u00c9va agykontroll oktat\u00f3 tartja, aki fejleszt\u0151 pedag\u00f3gus is <a href=\"https:\/\/www.hoffereva.hu\/rolam\/\">https:\/\/www.hoffereva.hu\/rolam\/<\/a><\/p>\n<p>A<strong> l\u00e9tsz\u00e1m 10 f\u0151ben limit\u00e1lt \u00e9s d\u00edjmentes<\/strong>, viszont olyanok jelentkez\u00e9s\u00e9t v\u00e1rjuk, akik mindh\u00e1rom alkalmon r\u00e9szt tudnak venni.<br \/>\nA <span style=\"text-decoration: underline\">jelentkez\u00e9s felt\u00e9tele 10 ezer forint kauci\u00f3 befizet\u00e9se<\/span>, amit a mindh\u00e1rom nap r\u00e9sztvev\u0151k a k\u00e9pz\u00e9s v\u00e9g\u00e9n visszakapnak.<\/p>\n<p>B\u0151vebb inform\u00e1ci\u00f3 a <a href=\"mailto:parafitt@gmail.com\">parafitt@gmail.com<\/a> e-mail c\u00edmen k\u00e9rhet\u0151.<\/p>","protected":false},"featured_media":658,"template":"","meta":{"_acf_changed":false},"event_listing_category":[],"event_listing_type":[],"class_list":["post-694","event_listing","type-event_listing","status-expired","has-post-thumbnail","hentry"],"acf":[],"yoast_head":"<!-- This site is optimized with the Yoast SEO Premium plugin v27.4 (Yoast SEO v27.4) - https:\/\/yoast.com\/product\/yoast-seo-premium-wordpress\/ -->\n<title>Relax\u00e1ci\u00f3s \u00e9s kommunik\u00e1ci\u00f3s tr\u00e9ning - Repair Cafe Budapest<\/title>\n<meta name=\"robots\" content=\"index, follow, max-snippet:-1, max-image-preview:large, max-video-preview:-1\" \/>\n<link rel=\"canonical\" href=\"https:\/\/repaircafebudapest.hu\/en\/event\/relaxacios-es-kommunikacios-trening\/\" \/>\n<meta property=\"og:locale\" content=\"en_GB\" \/>\n<meta property=\"og:type\" content=\"article\" \/>\n<meta property=\"og:title\" content=\"Relax\u00e1ci\u00f3s \u00e9s kommunik\u00e1ci\u00f3s tr\u00e9ning\" \/>\n<meta property=\"og:description\" content=\"M\u00e1rcius 9-11 k\u00f6z\u00f6tt relax\u00e1ci\u00f3s \u00e9s kommunik\u00e1ci\u00f3s tr\u00e9ninget szervez\u00fcnk \u00e9rtelmileg s\u00e9r\u00fclt fiatalok r\u00e9sz\u00e9re. A foglalkoz\u00e1sok 3&#215;45 percesek lesznek 9-\u00e9n 16-19 \u00f3r\u00e1ig \/ szombat 10-\u00e9n 10-13 \u00f3r\u00e1ig \/ vas\u00e1rnap 11-\u00e9n 16-19 \u00f3r\u00e1ig \/ h\u00e9tf\u0151 Tapasztalataink azt mutatj\u00e1k, hogy a bels\u0151 fesz\u00fclts\u00e9g feldolgoz\u00e1sa, vagy ak\u00e1r csak &#8222;kibesz\u00e9l\u00e9se&#8221; is nagy neh\u00e9zs\u00e9get okoz az \u00e9rtelmileg s\u00e9r\u00fcltek r\u00e9sz\u00e9r\u0151l. ez gyakorta vezet [&hellip;]\" \/>\n<meta property=\"og:url\" content=\"https:\/\/repaircafebudapest.hu\/en\/event\/relaxacios-es-kommunikacios-trening\/\" \/>\n<meta property=\"og:site_name\" content=\"Repair Cafe Budapest\" \/>\n<meta property=\"article:publisher\" content=\"https:\/\/www.facebook.com\/profile.php?id=61552754066692&amp;locale=hu_HU\" \/>\n<meta property=\"article:modified_time\" content=\"2024-03-12T23:23:24+00:00\" \/>\n<meta property=\"og:image\" content=\"https:\/\/repaircafebudapest.hu\/wp-content\/uploads\/2024\/01\/418171953_892273242907567_7456332377256088314_n.webp\" \/>\n\t<meta property=\"og:image:width\" content=\"960\" \/>\n\t<meta property=\"og:image:height\" content=\"640\" \/>\n\t<meta property=\"og:image:type\" content=\"image\/webp\" \/>\n<meta name=\"twitter:card\" content=\"summary_large_image\" \/>\n<meta name=\"twitter:label1\" content=\"Estimated reading time\" \/>\n\t<meta name=\"twitter:data1\" content=\"1 minute\" \/>\n<script type=\"application\/ld+json\" class=\"yoast-schema-graph\">{\"@context\":\"https:\\\/\\\/schema.org\",\"@graph\":[{\"@type\":\"WebPage\",\"@id\":\"https:\\\/\\\/repaircafebudapest.hu\\\/event\\\/relaxacios-es-kommunikacios-trening\\\/\",\"url\":\"https:\\\/\\\/repaircafebudapest.hu\\\/event\\\/relaxacios-es-kommunikacios-trening\\\/\",\"name\":\"Relax\u00e1ci\u00f3s \u00e9s kommunik\u00e1ci\u00f3s tr\u00e9ning - Repair Cafe Budapest\",\"isPartOf\":{\"@id\":\"https:\\\/\\\/repaircafebudapest.hu\\\/#website\"},\"primaryImageOfPage\":{\"@id\":\"https:\\\/\\\/repaircafebudapest.hu\\\/event\\\/relaxacios-es-kommunikacios-trening\\\/#primaryimage\"},\"image\":{\"@id\":\"https:\\\/\\\/repaircafebudapest.hu\\\/event\\\/relaxacios-es-kommunikacios-trening\\\/#primaryimage\"},\"thumbnailUrl\":\"https:\\\/\\\/repaircafebudapest.hu\\\/wp-content\\\/uploads\\\/2024\\\/01\\\/418171953_892273242907567_7456332377256088314_n.webp\",\"datePublished\":\"2024-02-28T20:50:00+00:00\",\"dateModified\":\"2024-03-12T23:23:24+00:00\",\"breadcrumb\":{\"@id\":\"https:\\\/\\\/repaircafebudapest.hu\\\/event\\\/relaxacios-es-kommunikacios-trening\\\/#breadcrumb\"},\"inLanguage\":\"en-GB\",\"potentialAction\":[{\"@type\":\"ReadAction\",\"target\":[\"https:\\\/\\\/repaircafebudapest.hu\\\/event\\\/relaxacios-es-kommunikacios-trening\\\/\"]}]},{\"@type\":\"ImageObject\",\"inLanguage\":\"en-GB\",\"@id\":\"https:\\\/\\\/repaircafebudapest.hu\\\/event\\\/relaxacios-es-kommunikacios-trening\\\/#primaryimage\",\"url\":\"https:\\\/\\\/repaircafebudapest.hu\\\/wp-content\\\/uploads\\\/2024\\\/01\\\/418171953_892273242907567_7456332377256088314_n.webp\",\"contentUrl\":\"https:\\\/\\\/repaircafebudapest.hu\\\/wp-content\\\/uploads\\\/2024\\\/01\\\/418171953_892273242907567_7456332377256088314_n.webp\",\"width\":960,\"height\":640},{\"@type\":\"BreadcrumbList\",\"@id\":\"https:\\\/\\\/repaircafebudapest.hu\\\/event\\\/relaxacios-es-kommunikacios-trening\\\/#breadcrumb\",\"itemListElement\":[{\"@type\":\"ListItem\",\"position\":1,\"name\":\"Kezd\u0151lap\",\"item\":\"https:\\\/\\\/repaircafebudapest.hu\\\/\"},{\"@type\":\"ListItem\",\"position\":2,\"name\":\"Relax\u00e1ci\u00f3s \u00e9s kommunik\u00e1ci\u00f3s tr\u00e9ning\"}]},{\"@type\":\"WebSite\",\"@id\":\"https:\\\/\\\/repaircafebudapest.hu\\\/#website\",\"url\":\"https:\\\/\\\/repaircafebudapest.hu\\\/\",\"name\":\"Repair Cafe Budapest\",\"description\":\"Repair Cafe Budapest\",\"publisher\":{\"@id\":\"https:\\\/\\\/repaircafebudapest.hu\\\/#organization\"},\"potentialAction\":[{\"@type\":\"SearchAction\",\"target\":{\"@type\":\"EntryPoint\",\"urlTemplate\":\"https:\\\/\\\/repaircafebudapest.hu\\\/?s={search_term_string}\"},\"query-input\":{\"@type\":\"PropertyValueSpecification\",\"valueRequired\":true,\"valueName\":\"search_term_string\"}}],\"inLanguage\":\"en-GB\"},{\"@type\":\"Organization\",\"@id\":\"https:\\\/\\\/repaircafebudapest.hu\\\/#organization\",\"name\":\"Repair Cafe Budapest\",\"url\":\"https:\\\/\\\/repaircafebudapest.hu\\\/\",\"logo\":{\"@type\":\"ImageObject\",\"inLanguage\":\"en-GB\",\"@id\":\"https:\\\/\\\/repaircafebudapest.hu\\\/#\\\/schema\\\/logo\\\/image\\\/\",\"url\":\"https:\\\/\\\/repaircafebudapest.hu\\\/wp-content\\\/uploads\\\/2023\\\/11\\\/rcb-logo.webp\",\"contentUrl\":\"https:\\\/\\\/repaircafebudapest.hu\\\/wp-content\\\/uploads\\\/2023\\\/11\\\/rcb-logo.webp\",\"width\":2298,\"height\":1000,\"caption\":\"Repair Cafe Budapest\"},\"image\":{\"@id\":\"https:\\\/\\\/repaircafebudapest.hu\\\/#\\\/schema\\\/logo\\\/image\\\/\"},\"sameAs\":[\"https:\\\/\\\/www.facebook.com\\\/profile.php?id=61552754066692&locale=hu_HU\"]}]}<\/script>\n<!-- \/ Yoast SEO Premium plugin. -->","yoast_head_json":{"title":"Relax\u00e1ci\u00f3s \u00e9s kommunik\u00e1ci\u00f3s tr\u00e9ning - Repair Cafe Budapest","robots":{"index":"index","follow":"follow","max-snippet":"max-snippet:-1","max-image-preview":"max-image-preview:large","max-video-preview":"max-video-preview:-1"},"canonical":"https:\/\/repaircafebudapest.hu\/en\/event\/relaxacios-es-kommunikacios-trening\/","og_locale":"en_GB","og_type":"article","og_title":"Relax\u00e1ci\u00f3s \u00e9s kommunik\u00e1ci\u00f3s tr\u00e9ning","og_description":"M\u00e1rcius 9-11 k\u00f6z\u00f6tt relax\u00e1ci\u00f3s \u00e9s kommunik\u00e1ci\u00f3s tr\u00e9ninget szervez\u00fcnk \u00e9rtelmileg s\u00e9r\u00fclt fiatalok r\u00e9sz\u00e9re. A foglalkoz\u00e1sok 3&#215;45 percesek lesznek 9-\u00e9n 16-19 \u00f3r\u00e1ig \/ szombat 10-\u00e9n 10-13 \u00f3r\u00e1ig \/ vas\u00e1rnap 11-\u00e9n 16-19 \u00f3r\u00e1ig \/ h\u00e9tf\u0151 Tapasztalataink azt mutatj\u00e1k, hogy a bels\u0151 fesz\u00fclts\u00e9g feldolgoz\u00e1sa, vagy ak\u00e1r csak &#8222;kibesz\u00e9l\u00e9se&#8221; is nagy neh\u00e9zs\u00e9get okoz az \u00e9rtelmileg s\u00e9r\u00fcltek r\u00e9sz\u00e9r\u0151l. ez gyakorta vezet [&hellip;]","og_url":"https:\/\/repaircafebudapest.hu\/en\/event\/relaxacios-es-kommunikacios-trening\/","og_site_name":"Repair Cafe Budapest","article_publisher":"https:\/\/www.facebook.com\/profile.php?id=61552754066692&locale=hu_HU","article_modified_time":"2024-03-12T23:23:24+00:00","og_image":[{"width":960,"height":640,"url":"https:\/\/repaircafebudapest.hu\/wp-content\/uploads\/2024\/01\/418171953_892273242907567_7456332377256088314_n.webp","type":"image\/webp"}],"twitter_card":"summary_large_image","twitter_misc":{"Estimated reading time":"1 minute"},"schema":{"@context":"https:\/\/schema.org","@graph":[{"@type":"WebPage","@id":"https:\/\/repaircafebudapest.hu\/event\/relaxacios-es-kommunikacios-trening\/","url":"https:\/\/repaircafebudapest.hu\/event\/relaxacios-es-kommunikacios-trening\/","name":"Relax\u00e1ci\u00f3s \u00e9s kommunik\u00e1ci\u00f3s tr\u00e9ning - Repair Cafe Budapest","isPartOf":{"@id":"https:\/\/repaircafebudapest.hu\/#website"},"primaryImageOfPage":{"@id":"https:\/\/repaircafebudapest.hu\/event\/relaxacios-es-kommunikacios-trening\/#primaryimage"},"image":{"@id":"https:\/\/repaircafebudapest.hu\/event\/relaxacios-es-kommunikacios-trening\/#primaryimage"},"thumbnailUrl":"https:\/\/repaircafebudapest.hu\/wp-content\/uploads\/2024\/01\/418171953_892273242907567_7456332377256088314_n.webp","datePublished":"2024-02-28T20:50:00+00:00","dateModified":"2024-03-12T23:23:24+00:00","breadcrumb":{"@id":"https:\/\/repaircafebudapest.hu\/event\/relaxacios-es-kommunikacios-trening\/#breadcrumb"},"inLanguage":"en-GB","potentialAction":[{"@type":"ReadAction","target":["https:\/\/repaircafebudapest.hu\/event\/relaxacios-es-kommunikacios-trening\/"]}]},{"@type":"ImageObject","inLanguage":"en-GB","@id":"https:\/\/repaircafebudapest.hu\/event\/relaxacios-es-kommunikacios-trening\/#primaryimage","url":"https:\/\/repaircafebudapest.hu\/wp-content\/uploads\/2024\/01\/418171953_892273242907567_7456332377256088314_n.webp","contentUrl":"https:\/\/repaircafebudapest.hu\/wp-content\/uploads\/2024\/01\/418171953_892273242907567_7456332377256088314_n.webp","width":960,"height":640},{"@type":"BreadcrumbList","@id":"https:\/\/repaircafebudapest.hu\/event\/relaxacios-es-kommunikacios-trening\/#breadcrumb","itemListElement":[{"@type":"ListItem","position":1,"name":"Kezd\u0151lap","item":"https:\/\/repaircafebudapest.hu\/"},{"@type":"ListItem","position":2,"name":"Relax\u00e1ci\u00f3s \u00e9s kommunik\u00e1ci\u00f3s tr\u00e9ning"}]},{"@type":"WebSite","@id":"https:\/\/repaircafebudapest.hu\/#website","url":"https:\/\/repaircafebudapest.hu\/","name":"Repair Cafe Budapest","description":"Repair Cafe Budapest","publisher":{"@id":"https:\/\/repaircafebudapest.hu\/#organization"},"potentialAction":[{"@type":"SearchAction","target":{"@type":"EntryPoint","urlTemplate":"https:\/\/repaircafebudapest.hu\/?s={search_term_string}"},"query-input":{"@type":"PropertyValueSpecification","valueRequired":true,"valueName":"search_term_string"}}],"inLanguage":"en-GB"},{"@type":"Organization","@id":"https:\/\/repaircafebudapest.hu\/#organization","name":"Repair Cafe Budapest","url":"https:\/\/repaircafebudapest.hu\/","logo":{"@type":"ImageObject","inLanguage":"en-GB","@id":"https:\/\/repaircafebudapest.hu\/#\/schema\/logo\/image\/","url":"https:\/\/repaircafebudapest.hu\/wp-content\/uploads\/2023\/11\/rcb-logo.webp","contentUrl":"https:\/\/repaircafebudapest.hu\/wp-content\/uploads\/2023\/11\/rcb-logo.webp","width":2298,"height":1000,"caption":"Repair Cafe Budapest"},"image":{"@id":"https:\/\/repaircafebudapest.hu\/#\/schema\/logo\/image\/"},"sameAs":["https:\/\/www.facebook.com\/profile.php?id=61552754066692&locale=hu_HU"]}]}},"_links":{"self":[{"href":"https:\/\/repaircafebudapest.hu\/en\/wp-json\/wp\/v2\/event_listing\/694","targetHints":{"allow":["GET"]}}],"collection":[{"href":"https:\/\/repaircafebudapest.hu\/en\/wp-json\/wp\/v2\/event_listing"}],"about":[{"href":"https:\/\/repaircafebudapest.hu\/en\/wp-json\/wp\/v2\/types\/event_listing"}],"wp:featuredmedia":[{"embeddable":true,"href":"https:\/\/repaircafebudapest.hu\/en\/wp-json\/wp\/v2\/media\/658"}],"wp:attachment":[{"href":"https:\/\/repaircafebudapest.hu\/en\/wp-json\/wp\/v2\/media?parent=694"}],"wp:term":[{"taxonomy":"event_listing_category","embeddable":true,"href":"https:\/\/repaircafebudapest.hu\/en\/wp-json\/wp\/v2\/event_listing_category?post=694"},{"taxonomy":"event_listing_type","embeddable":true,"href":"https:\/\/repaircafebudapest.hu\/en\/wp-json\/wp\/v2\/event_listing_type?post=694"}],"curies":[{"name":"wp","href":"https:\/\/api.w.org\/{rel}","templated":true}]}}