{"id":1370,"date":"2025-11-27T08:49:02","date_gmt":"2025-11-27T07:49:02","guid":{"rendered":"https:\/\/repaircafebudapest.hu\/?post_type=event_listing&#038;p=1370"},"modified":"2025-12-08T00:27:13","modified_gmt":"2025-12-07T23:27:13","slug":"karacsonyi-fenyek-workshop","status":"expired","type":"event_listing","link":"https:\/\/repaircafebudapest.hu\/en\/event\/karacsonyi-fenyek-workshop\/","title":{"rendered":"&#8222;Kar\u00e1csonyi f\u00e9nyek&#8221; Workshop"},"content":{"rendered":"<p><span style=\"font-size: 18px\"><strong>\ud83d\udca1 Forraszd Magad! Kar\u00e1csonyfa Dekor\u00e1ci\u00f3 Workshop \ud83c\udf84 | Repair Cafe Budapest<\/strong><\/span><\/p>\n<p>\u00c9p\u00edtsd meg a saj\u00e1t, egyedi, <strong>USB-s, LED-es Kar\u00e1csonyi F\u00e9nyedet a Repair Cafe Budapestben!<\/strong><\/p>\n<p>&nbsp;<\/p>\n<p><strong>\ud83d\udee0\ufe0f Mi k\u00e9sz\u00fcl ezen a workshopon?<\/strong><br \/>\nEgy praktikus \u00e9s hangulatos, high-tech dekor\u00e1ci\u00f3t \u00e9p\u00edt\u00fcnk, amely egyes\u00edti a funkcionalit\u00e1st a kar\u00e1csonyi hangulattal:<br \/>\nUSB-s F\u00e9nyforr\u00e1s: Integr\u00e1lt \u00e1ramk\u00f6r seg\u00edts\u00e9g\u00e9vel LED-es f\u00e9nyforr\u00e1st hozunk l\u00e9tre \u2013 praktikus, k\u00f6rnyezetbar\u00e1t \u00e9s hangulatos!<br \/>\nVibr\u00e1l\u00f3 Kar\u00e1csonyi Hangulat: Az \u00e1ramk\u00f6r gondoskodik a megfelel\u0151 f\u00e9nyeffektusokr\u00f3l, amelyek garant\u00e1lj\u00e1k az igazi kar\u00e1csonyi, meghitt atmoszf\u00e9r\u00e1t!<\/p>\n<p>&nbsp;<\/p>\n<p>\ud83c\udf81 <strong>Kreat\u00edv Kih\u00edv\u00e1s: A L\u00e1tv\u00e1ny T\u0151led F\u00fcgg!<\/strong><br \/>\nA workshopon mi biztos\u00edtjuk az elektronik\u00e1t, a hozz\u00e1val\u00f3kat \u00e9s a szak\u00e9rtelmet, de a k\u00fcls\u0151 dekor\u00e1ci\u00f3 a te kezedben van!<br \/>\nHOZD EL OTTHONR\u00d3L: T\u00f6k\u00e9letes\u00edtsd az alkot\u00e1sodat egyedi alapanyagokkal! Van otthon b\u00e1rmilyen kar\u00e1csonyi dekor\u00e1ci\u00f3d?<br \/>\nEsetleg kreat\u00edv szalagok, gy\u00f6ngy\u00f6k, term\u00e9sek, vagy egy\u00e9b kieg\u00e9sz\u00edt\u0151k?<br \/>\nSeg\u00edt\u00fcnk be\u00e9p\u00edteni a kis kar\u00e1csonyf\u00e1t az \u00e1ltalad hozott kreat\u00edv t\u00e1rgyakba!<\/p>\n<p>&nbsp;<\/p>\n<p>\ud83d\udcb0 Workshop d\u00edja<br \/>\n<strong>R\u00e9szv\u00e9teli d\u00edj: 5900 Ft\/f\u0151<\/strong><br \/>\nMit tartalmaz? Az \u00e1r fedezi az \u00f6sszes felhaszn\u00e1land\u00f3 elektronikai alkatr\u00e9szt (USB k\u00e1bel, LED, IC, stb.) \u00e9s a szakembereink folyamatos, szem\u00e9lyre szabott seg\u00edts\u00e9g\u00e9t.<br \/>\nJelentkezz, ha szeretn\u00e9l egy igaz\u00e1n egyedi, k\u00e9zzel k\u00e9sz\u00edtett d\u00edszt vinni haza, \u00e9s megtanulni az alapvet\u0151 elektronikai forraszt\u00e1si technik\u00e1kat!<\/p>\n<p><strong>A helyek sz\u00e1ma korl\u00e1tozott, ne maradj le!<\/strong><br \/>\nRegisztr\u00e1ci\u00f3: <strong><a href=\"https:\/\/robokaland.eu\/index.php?q=idopont_foglalo&amp;success=LIST\">https:\/\/robokaland.eu\/index.php?q=idopont_foglalo&amp;success=LIST<\/a><\/strong><\/p>","protected":false},"featured_media":1371,"template":"","meta":{"_acf_changed":false},"event_listing_category":[],"event_listing_type":[],"class_list":["post-1370","event_listing","type-event_listing","status-expired","has-post-thumbnail","hentry"],"acf":[],"yoast_head":"<!-- This site is optimized with the Yoast SEO Premium plugin v27.4 (Yoast SEO v27.4) - https:\/\/yoast.com\/product\/yoast-seo-premium-wordpress\/ -->\n<title>&quot;Kar\u00e1csonyi f\u00e9nyek&quot; Workshop - Repair Cafe Budapest<\/title>\n<meta name=\"robots\" content=\"index, follow, max-snippet:-1, max-image-preview:large, max-video-preview:-1\" \/>\n<link rel=\"canonical\" href=\"https:\/\/repaircafebudapest.hu\/en\/event\/karacsonyi-fenyek-workshop\/\" \/>\n<meta property=\"og:locale\" content=\"en_GB\" \/>\n<meta property=\"og:type\" content=\"article\" \/>\n<meta property=\"og:title\" content=\"&quot;Kar\u00e1csonyi f\u00e9nyek&quot; Workshop\" \/>\n<meta property=\"og:description\" content=\"\ud83d\udca1 Forraszd Magad! Kar\u00e1csonyfa Dekor\u00e1ci\u00f3 Workshop \ud83c\udf84 | Repair Cafe Budapest \u00c9p\u00edtsd meg a saj\u00e1t, egyedi, USB-s, LED-es Kar\u00e1csonyi F\u00e9nyedet a Repair Cafe Budapestben! &nbsp; \ud83d\udee0\ufe0f Mi k\u00e9sz\u00fcl ezen a workshopon? Egy praktikus \u00e9s hangulatos, high-tech dekor\u00e1ci\u00f3t \u00e9p\u00edt\u00fcnk, amely egyes\u00edti a funkcionalit\u00e1st a kar\u00e1csonyi hangulattal: USB-s F\u00e9nyforr\u00e1s: Integr\u00e1lt \u00e1ramk\u00f6r seg\u00edts\u00e9g\u00e9vel LED-es f\u00e9nyforr\u00e1st hozunk l\u00e9tre \u2013 [&hellip;]\" \/>\n<meta property=\"og:url\" content=\"https:\/\/repaircafebudapest.hu\/en\/event\/karacsonyi-fenyek-workshop\/\" \/>\n<meta property=\"og:site_name\" content=\"Repair Cafe Budapest\" \/>\n<meta property=\"article:publisher\" content=\"https:\/\/www.facebook.com\/profile.php?id=61552754066692&amp;locale=hu_HU\" \/>\n<meta property=\"article:modified_time\" content=\"2025-12-07T23:27:13+00:00\" \/>\n<meta property=\"og:image\" content=\"https:\/\/repaircafebudapest.hu\/wp-content\/uploads\/2025\/11\/588059381_3146742498839878_2535067094848892695_n.webp\" \/>\n\t<meta property=\"og:image:width\" content=\"1021\" \/>\n\t<meta property=\"og:image:height\" content=\"681\" \/>\n\t<meta property=\"og:image:type\" content=\"image\/webp\" \/>\n<meta name=\"twitter:card\" content=\"summary_large_image\" \/>\n<meta name=\"twitter:label1\" content=\"Estimated reading time\" \/>\n\t<meta name=\"twitter:data1\" content=\"2 minutes\" \/>\n<script type=\"application\/ld+json\" class=\"yoast-schema-graph\">{\"@context\":\"https:\\\/\\\/schema.org\",\"@graph\":[{\"@type\":\"WebPage\",\"@id\":\"https:\\\/\\\/repaircafebudapest.hu\\\/event\\\/karacsonyi-fenyek-workshop\\\/\",\"url\":\"https:\\\/\\\/repaircafebudapest.hu\\\/event\\\/karacsonyi-fenyek-workshop\\\/\",\"name\":\"\\\"Kar\u00e1csonyi f\u00e9nyek\\\" Workshop - Repair Cafe Budapest\",\"isPartOf\":{\"@id\":\"https:\\\/\\\/repaircafebudapest.hu\\\/#website\"},\"primaryImageOfPage\":{\"@id\":\"https:\\\/\\\/repaircafebudapest.hu\\\/event\\\/karacsonyi-fenyek-workshop\\\/#primaryimage\"},\"image\":{\"@id\":\"https:\\\/\\\/repaircafebudapest.hu\\\/event\\\/karacsonyi-fenyek-workshop\\\/#primaryimage\"},\"thumbnailUrl\":\"https:\\\/\\\/repaircafebudapest.hu\\\/wp-content\\\/uploads\\\/2025\\\/11\\\/588059381_3146742498839878_2535067094848892695_n.webp\",\"datePublished\":\"2025-11-27T07:49:02+00:00\",\"dateModified\":\"2025-12-07T23:27:13+00:00\",\"breadcrumb\":{\"@id\":\"https:\\\/\\\/repaircafebudapest.hu\\\/event\\\/karacsonyi-fenyek-workshop\\\/#breadcrumb\"},\"inLanguage\":\"en-GB\",\"potentialAction\":[{\"@type\":\"ReadAction\",\"target\":[\"https:\\\/\\\/repaircafebudapest.hu\\\/event\\\/karacsonyi-fenyek-workshop\\\/\"]}]},{\"@type\":\"ImageObject\",\"inLanguage\":\"en-GB\",\"@id\":\"https:\\\/\\\/repaircafebudapest.hu\\\/event\\\/karacsonyi-fenyek-workshop\\\/#primaryimage\",\"url\":\"https:\\\/\\\/repaircafebudapest.hu\\\/wp-content\\\/uploads\\\/2025\\\/11\\\/588059381_3146742498839878_2535067094848892695_n.webp\",\"contentUrl\":\"https:\\\/\\\/repaircafebudapest.hu\\\/wp-content\\\/uploads\\\/2025\\\/11\\\/588059381_3146742498839878_2535067094848892695_n.webp\",\"width\":1021,\"height\":681},{\"@type\":\"BreadcrumbList\",\"@id\":\"https:\\\/\\\/repaircafebudapest.hu\\\/event\\\/karacsonyi-fenyek-workshop\\\/#breadcrumb\",\"itemListElement\":[{\"@type\":\"ListItem\",\"position\":1,\"name\":\"Kezd\u0151lap\",\"item\":\"https:\\\/\\\/repaircafebudapest.hu\\\/\"},{\"@type\":\"ListItem\",\"position\":2,\"name\":\"&#8222;Kar\u00e1csonyi f\u00e9nyek&#8221; Workshop\"}]},{\"@type\":\"WebSite\",\"@id\":\"https:\\\/\\\/repaircafebudapest.hu\\\/#website\",\"url\":\"https:\\\/\\\/repaircafebudapest.hu\\\/\",\"name\":\"Repair Cafe Budapest\",\"description\":\"Repair Cafe Budapest\",\"publisher\":{\"@id\":\"https:\\\/\\\/repaircafebudapest.hu\\\/#organization\"},\"potentialAction\":[{\"@type\":\"SearchAction\",\"target\":{\"@type\":\"EntryPoint\",\"urlTemplate\":\"https:\\\/\\\/repaircafebudapest.hu\\\/?s={search_term_string}\"},\"query-input\":{\"@type\":\"PropertyValueSpecification\",\"valueRequired\":true,\"valueName\":\"search_term_string\"}}],\"inLanguage\":\"en-GB\"},{\"@type\":\"Organization\",\"@id\":\"https:\\\/\\\/repaircafebudapest.hu\\\/#organization\",\"name\":\"Repair Cafe Budapest\",\"url\":\"https:\\\/\\\/repaircafebudapest.hu\\\/\",\"logo\":{\"@type\":\"ImageObject\",\"inLanguage\":\"en-GB\",\"@id\":\"https:\\\/\\\/repaircafebudapest.hu\\\/#\\\/schema\\\/logo\\\/image\\\/\",\"url\":\"https:\\\/\\\/repaircafebudapest.hu\\\/wp-content\\\/uploads\\\/2023\\\/11\\\/rcb-logo.webp\",\"contentUrl\":\"https:\\\/\\\/repaircafebudapest.hu\\\/wp-content\\\/uploads\\\/2023\\\/11\\\/rcb-logo.webp\",\"width\":2298,\"height\":1000,\"caption\":\"Repair Cafe Budapest\"},\"image\":{\"@id\":\"https:\\\/\\\/repaircafebudapest.hu\\\/#\\\/schema\\\/logo\\\/image\\\/\"},\"sameAs\":[\"https:\\\/\\\/www.facebook.com\\\/profile.php?id=61552754066692&locale=hu_HU\"]}]}<\/script>\n<!-- \/ Yoast SEO Premium plugin. -->","yoast_head_json":{"title":"\"Kar\u00e1csonyi f\u00e9nyek\" Workshop - Repair Cafe Budapest","robots":{"index":"index","follow":"follow","max-snippet":"max-snippet:-1","max-image-preview":"max-image-preview:large","max-video-preview":"max-video-preview:-1"},"canonical":"https:\/\/repaircafebudapest.hu\/en\/event\/karacsonyi-fenyek-workshop\/","og_locale":"en_GB","og_type":"article","og_title":"\"Kar\u00e1csonyi f\u00e9nyek\" Workshop","og_description":"\ud83d\udca1 Forraszd Magad! Kar\u00e1csonyfa Dekor\u00e1ci\u00f3 Workshop \ud83c\udf84 | Repair Cafe Budapest \u00c9p\u00edtsd meg a saj\u00e1t, egyedi, USB-s, LED-es Kar\u00e1csonyi F\u00e9nyedet a Repair Cafe Budapestben! &nbsp; \ud83d\udee0\ufe0f Mi k\u00e9sz\u00fcl ezen a workshopon? Egy praktikus \u00e9s hangulatos, high-tech dekor\u00e1ci\u00f3t \u00e9p\u00edt\u00fcnk, amely egyes\u00edti a funkcionalit\u00e1st a kar\u00e1csonyi hangulattal: USB-s F\u00e9nyforr\u00e1s: Integr\u00e1lt \u00e1ramk\u00f6r seg\u00edts\u00e9g\u00e9vel LED-es f\u00e9nyforr\u00e1st hozunk l\u00e9tre \u2013 [&hellip;]","og_url":"https:\/\/repaircafebudapest.hu\/en\/event\/karacsonyi-fenyek-workshop\/","og_site_name":"Repair Cafe Budapest","article_publisher":"https:\/\/www.facebook.com\/profile.php?id=61552754066692&locale=hu_HU","article_modified_time":"2025-12-07T23:27:13+00:00","og_image":[{"width":1021,"height":681,"url":"https:\/\/repaircafebudapest.hu\/wp-content\/uploads\/2025\/11\/588059381_3146742498839878_2535067094848892695_n.webp","type":"image\/webp"}],"twitter_card":"summary_large_image","twitter_misc":{"Estimated reading time":"2 minutes"},"schema":{"@context":"https:\/\/schema.org","@graph":[{"@type":"WebPage","@id":"https:\/\/repaircafebudapest.hu\/event\/karacsonyi-fenyek-workshop\/","url":"https:\/\/repaircafebudapest.hu\/event\/karacsonyi-fenyek-workshop\/","name":"\"Kar\u00e1csonyi f\u00e9nyek\" Workshop - Repair Cafe Budapest","isPartOf":{"@id":"https:\/\/repaircafebudapest.hu\/#website"},"primaryImageOfPage":{"@id":"https:\/\/repaircafebudapest.hu\/event\/karacsonyi-fenyek-workshop\/#primaryimage"},"image":{"@id":"https:\/\/repaircafebudapest.hu\/event\/karacsonyi-fenyek-workshop\/#primaryimage"},"thumbnailUrl":"https:\/\/repaircafebudapest.hu\/wp-content\/uploads\/2025\/11\/588059381_3146742498839878_2535067094848892695_n.webp","datePublished":"2025-11-27T07:49:02+00:00","dateModified":"2025-12-07T23:27:13+00:00","breadcrumb":{"@id":"https:\/\/repaircafebudapest.hu\/event\/karacsonyi-fenyek-workshop\/#breadcrumb"},"inLanguage":"en-GB","potentialAction":[{"@type":"ReadAction","target":["https:\/\/repaircafebudapest.hu\/event\/karacsonyi-fenyek-workshop\/"]}]},{"@type":"ImageObject","inLanguage":"en-GB","@id":"https:\/\/repaircafebudapest.hu\/event\/karacsonyi-fenyek-workshop\/#primaryimage","url":"https:\/\/repaircafebudapest.hu\/wp-content\/uploads\/2025\/11\/588059381_3146742498839878_2535067094848892695_n.webp","contentUrl":"https:\/\/repaircafebudapest.hu\/wp-content\/uploads\/2025\/11\/588059381_3146742498839878_2535067094848892695_n.webp","width":1021,"height":681},{"@type":"BreadcrumbList","@id":"https:\/\/repaircafebudapest.hu\/event\/karacsonyi-fenyek-workshop\/#breadcrumb","itemListElement":[{"@type":"ListItem","position":1,"name":"Kezd\u0151lap","item":"https:\/\/repaircafebudapest.hu\/"},{"@type":"ListItem","position":2,"name":"&#8222;Kar\u00e1csonyi f\u00e9nyek&#8221; Workshop"}]},{"@type":"WebSite","@id":"https:\/\/repaircafebudapest.hu\/#website","url":"https:\/\/repaircafebudapest.hu\/","name":"Repair Cafe Budapest","description":"Repair Cafe Budapest","publisher":{"@id":"https:\/\/repaircafebudapest.hu\/#organization"},"potentialAction":[{"@type":"SearchAction","target":{"@type":"EntryPoint","urlTemplate":"https:\/\/repaircafebudapest.hu\/?s={search_term_string}"},"query-input":{"@type":"PropertyValueSpecification","valueRequired":true,"valueName":"search_term_string"}}],"inLanguage":"en-GB"},{"@type":"Organization","@id":"https:\/\/repaircafebudapest.hu\/#organization","name":"Repair Cafe Budapest","url":"https:\/\/repaircafebudapest.hu\/","logo":{"@type":"ImageObject","inLanguage":"en-GB","@id":"https:\/\/repaircafebudapest.hu\/#\/schema\/logo\/image\/","url":"https:\/\/repaircafebudapest.hu\/wp-content\/uploads\/2023\/11\/rcb-logo.webp","contentUrl":"https:\/\/repaircafebudapest.hu\/wp-content\/uploads\/2023\/11\/rcb-logo.webp","width":2298,"height":1000,"caption":"Repair Cafe Budapest"},"image":{"@id":"https:\/\/repaircafebudapest.hu\/#\/schema\/logo\/image\/"},"sameAs":["https:\/\/www.facebook.com\/profile.php?id=61552754066692&locale=hu_HU"]}]}},"_links":{"self":[{"href":"https:\/\/repaircafebudapest.hu\/en\/wp-json\/wp\/v2\/event_listing\/1370","targetHints":{"allow":["GET"]}}],"collection":[{"href":"https:\/\/repaircafebudapest.hu\/en\/wp-json\/wp\/v2\/event_listing"}],"about":[{"href":"https:\/\/repaircafebudapest.hu\/en\/wp-json\/wp\/v2\/types\/event_listing"}],"wp:featuredmedia":[{"embeddable":true,"href":"https:\/\/repaircafebudapest.hu\/en\/wp-json\/wp\/v2\/media\/1371"}],"wp:attachment":[{"href":"https:\/\/repaircafebudapest.hu\/en\/wp-json\/wp\/v2\/media?parent=1370"}],"wp:term":[{"taxonomy":"event_listing_category","embeddable":true,"href":"https:\/\/repaircafebudapest.hu\/en\/wp-json\/wp\/v2\/event_listing_category?post=1370"},{"taxonomy":"event_listing_type","embeddable":true,"href":"https:\/\/repaircafebudapest.hu\/en\/wp-json\/wp\/v2\/event_listing_type?post=1370"}],"curies":[{"name":"wp","href":"https:\/\/api.w.org\/{rel}","templated":true}]}}