{"id":1368,"date":"2025-11-27T08:38:51","date_gmt":"2025-11-27T07:38:51","guid":{"rendered":"https:\/\/repaircafebudapest.hu\/?post_type=event_listing&#038;p=1368"},"modified":"2025-12-01T00:26:45","modified_gmt":"2025-11-30T23:26:45","slug":"adventi-karacsonyi-kezmuves-hangolodas","status":"expired","type":"event_listing","link":"https:\/\/repaircafebudapest.hu\/en\/event\/adventi-karacsonyi-kezmuves-hangolodas\/","title":{"rendered":"Adventi-kar\u00e1csonyi k\u00e9zm\u0171ves hangol\u00f3d\u00e1s"},"content":{"rendered":"<p>Az adventi id\u0151szak k\u00f6zeledt\u00e9vel egyre t\u00f6bb lehet\u0151s\u00e9g ny\u00edlik arra, hogy kreat\u00edvan k\u00e9sz\u00fclj\u00fcnk a kar\u00e1csonyra. Egy adventi-kar\u00e1csonyi workshop ide\u00e1lis alkalom arra, hogy r\u00e1hangol\u00f3djunk az \u00fcnnepi hangulatra, \u00e9s saj\u00e1t kez\u0171leg k\u00e9sz\u00edts\u00fcnk k\u00fcl\u00f6nleges d\u00edszeket, aj\u00e1nd\u00e9kokat.<\/p>\n<p>Szeretettel v\u00e1runk mindenkit szombaton <strong>10 \u00f3r\u00e1t\u00f3l a Repair Cafe-ba<\/strong>, ahol adventi \u00e9s kar\u00e1csonyi dekor\u00e1ci\u00f3kat k\u00e9sz\u00edt\u00fcnk egy\u00fctt.<br \/>\nEz a nap nemcsak a kreativit\u00e1sr\u00f3l sz\u00f3l, hanem a k\u00f6z\u00f6ss\u00e9gr\u0151l \u00e9s az \u00fajrahasznos\u00edt\u00e1s \u00f6r\u00f6m\u00e9r\u0151l is.<\/p>\n<p>Mire sz\u00e1m\u00edthatsz?<\/p>\n<ul>\n<li>K\u00f6nnyed, j\u00f3 hangulat\u00fa k\u00f6z\u00f6s alkot\u00e1s<\/li>\n<li>Egyedi, saj\u00e1t k\u00e9sz\u00edt\u00e9s\u0171 kar\u00e1csonyi d\u00edszek<\/li>\n<li>Tippek az \u00fajrahasznos\u00edt\u00e1shoz \u00e9s fenntarthat\u00f3 \u00fcnnepi dekor\u00e1ci\u00f3khoz<\/li>\n<\/ul>\n<p>&nbsp;<\/p>\n<p>Hozd magaddal azokat a t\u00e1rgyakat, alapanyagokat, amiket sz\u00edvesen \u00fajrahasznos\u00edtan\u00e1l!<br \/>\nAz esem\u00e9ny ingyenes, de a r\u00e9szv\u00e9tel regisztr\u00e1ci\u00f3hoz k\u00f6t\u00f6tt.<\/p>\n<p>Az al\u00e1bbi linken lehet jelentkezni: <a href=\"https:\/\/forms.gle\/i8h23tjbGGRSugLj8\"><strong>https:\/\/forms.gle\/i8h23tjbGGRSugLj8<\/strong><\/a><\/p>","protected":false},"featured_media":1369,"template":"","meta":{"_acf_changed":false},"event_listing_category":[],"event_listing_type":[],"class_list":["post-1368","event_listing","type-event_listing","status-expired","has-post-thumbnail","hentry"],"acf":[],"yoast_head":"<!-- This site is optimized with the Yoast SEO Premium plugin v27.4 (Yoast SEO v27.4) - https:\/\/yoast.com\/product\/yoast-seo-premium-wordpress\/ -->\n<title>Adventi-kar\u00e1csonyi k\u00e9zm\u0171ves hangol\u00f3d\u00e1s - Repair Cafe Budapest<\/title>\n<meta name=\"robots\" content=\"index, follow, max-snippet:-1, max-image-preview:large, max-video-preview:-1\" \/>\n<link rel=\"canonical\" href=\"https:\/\/repaircafebudapest.hu\/en\/event\/adventi-karacsonyi-kezmuves-hangolodas\/\" \/>\n<meta property=\"og:locale\" content=\"en_GB\" \/>\n<meta property=\"og:type\" content=\"article\" \/>\n<meta property=\"og:title\" content=\"Adventi-kar\u00e1csonyi k\u00e9zm\u0171ves hangol\u00f3d\u00e1s\" \/>\n<meta property=\"og:description\" content=\"Az adventi id\u0151szak k\u00f6zeledt\u00e9vel egyre t\u00f6bb lehet\u0151s\u00e9g ny\u00edlik arra, hogy kreat\u00edvan k\u00e9sz\u00fclj\u00fcnk a kar\u00e1csonyra. Egy adventi-kar\u00e1csonyi workshop ide\u00e1lis alkalom arra, hogy r\u00e1hangol\u00f3djunk az \u00fcnnepi hangulatra, \u00e9s saj\u00e1t kez\u0171leg k\u00e9sz\u00edts\u00fcnk k\u00fcl\u00f6nleges d\u00edszeket, aj\u00e1nd\u00e9kokat. Szeretettel v\u00e1runk mindenkit szombaton 10 \u00f3r\u00e1t\u00f3l a Repair Cafe-ba, ahol adventi \u00e9s kar\u00e1csonyi dekor\u00e1ci\u00f3kat k\u00e9sz\u00edt\u00fcnk egy\u00fctt. Ez a nap nemcsak a kreativit\u00e1sr\u00f3l sz\u00f3l, [&hellip;]\" \/>\n<meta property=\"og:url\" content=\"https:\/\/repaircafebudapest.hu\/en\/event\/adventi-karacsonyi-kezmuves-hangolodas\/\" \/>\n<meta property=\"og:site_name\" content=\"Repair Cafe Budapest\" \/>\n<meta property=\"article:publisher\" content=\"https:\/\/www.facebook.com\/profile.php?id=61552754066692&amp;locale=hu_HU\" \/>\n<meta property=\"article:modified_time\" content=\"2025-11-30T23:26:45+00:00\" \/>\n<meta property=\"og:image\" content=\"https:\/\/repaircafebudapest.hu\/wp-content\/uploads\/2025\/11\/588704542_122230381928091802_8633328041274607137_n.webp\" \/>\n\t<meta property=\"og:image:width\" content=\"1600\" \/>\n\t<meta property=\"og:image:height\" content=\"896\" \/>\n\t<meta property=\"og:image:type\" content=\"image\/webp\" \/>\n<meta name=\"twitter:card\" content=\"summary_large_image\" \/>\n<meta name=\"twitter:label1\" content=\"Estimated reading time\" \/>\n\t<meta name=\"twitter:data1\" content=\"1 minute\" \/>\n<script type=\"application\/ld+json\" class=\"yoast-schema-graph\">{\"@context\":\"https:\\\/\\\/schema.org\",\"@graph\":[{\"@type\":\"WebPage\",\"@id\":\"https:\\\/\\\/repaircafebudapest.hu\\\/event\\\/adventi-karacsonyi-kezmuves-hangolodas\\\/\",\"url\":\"https:\\\/\\\/repaircafebudapest.hu\\\/event\\\/adventi-karacsonyi-kezmuves-hangolodas\\\/\",\"name\":\"Adventi-kar\u00e1csonyi k\u00e9zm\u0171ves hangol\u00f3d\u00e1s - Repair Cafe Budapest\",\"isPartOf\":{\"@id\":\"https:\\\/\\\/repaircafebudapest.hu\\\/#website\"},\"primaryImageOfPage\":{\"@id\":\"https:\\\/\\\/repaircafebudapest.hu\\\/event\\\/adventi-karacsonyi-kezmuves-hangolodas\\\/#primaryimage\"},\"image\":{\"@id\":\"https:\\\/\\\/repaircafebudapest.hu\\\/event\\\/adventi-karacsonyi-kezmuves-hangolodas\\\/#primaryimage\"},\"thumbnailUrl\":\"https:\\\/\\\/repaircafebudapest.hu\\\/wp-content\\\/uploads\\\/2025\\\/11\\\/588704542_122230381928091802_8633328041274607137_n.webp\",\"datePublished\":\"2025-11-27T07:38:51+00:00\",\"dateModified\":\"2025-11-30T23:26:45+00:00\",\"breadcrumb\":{\"@id\":\"https:\\\/\\\/repaircafebudapest.hu\\\/event\\\/adventi-karacsonyi-kezmuves-hangolodas\\\/#breadcrumb\"},\"inLanguage\":\"en-GB\",\"potentialAction\":[{\"@type\":\"ReadAction\",\"target\":[\"https:\\\/\\\/repaircafebudapest.hu\\\/event\\\/adventi-karacsonyi-kezmuves-hangolodas\\\/\"]}]},{\"@type\":\"ImageObject\",\"inLanguage\":\"en-GB\",\"@id\":\"https:\\\/\\\/repaircafebudapest.hu\\\/event\\\/adventi-karacsonyi-kezmuves-hangolodas\\\/#primaryimage\",\"url\":\"https:\\\/\\\/repaircafebudapest.hu\\\/wp-content\\\/uploads\\\/2025\\\/11\\\/588704542_122230381928091802_8633328041274607137_n.webp\",\"contentUrl\":\"https:\\\/\\\/repaircafebudapest.hu\\\/wp-content\\\/uploads\\\/2025\\\/11\\\/588704542_122230381928091802_8633328041274607137_n.webp\",\"width\":1600,\"height\":896},{\"@type\":\"BreadcrumbList\",\"@id\":\"https:\\\/\\\/repaircafebudapest.hu\\\/event\\\/adventi-karacsonyi-kezmuves-hangolodas\\\/#breadcrumb\",\"itemListElement\":[{\"@type\":\"ListItem\",\"position\":1,\"name\":\"Kezd\u0151lap\",\"item\":\"https:\\\/\\\/repaircafebudapest.hu\\\/\"},{\"@type\":\"ListItem\",\"position\":2,\"name\":\"Adventi-kar\u00e1csonyi k\u00e9zm\u0171ves hangol\u00f3d\u00e1s\"}]},{\"@type\":\"WebSite\",\"@id\":\"https:\\\/\\\/repaircafebudapest.hu\\\/#website\",\"url\":\"https:\\\/\\\/repaircafebudapest.hu\\\/\",\"name\":\"Repair Cafe Budapest\",\"description\":\"Repair Cafe Budapest\",\"publisher\":{\"@id\":\"https:\\\/\\\/repaircafebudapest.hu\\\/#organization\"},\"potentialAction\":[{\"@type\":\"SearchAction\",\"target\":{\"@type\":\"EntryPoint\",\"urlTemplate\":\"https:\\\/\\\/repaircafebudapest.hu\\\/?s={search_term_string}\"},\"query-input\":{\"@type\":\"PropertyValueSpecification\",\"valueRequired\":true,\"valueName\":\"search_term_string\"}}],\"inLanguage\":\"en-GB\"},{\"@type\":\"Organization\",\"@id\":\"https:\\\/\\\/repaircafebudapest.hu\\\/#organization\",\"name\":\"Repair Cafe Budapest\",\"url\":\"https:\\\/\\\/repaircafebudapest.hu\\\/\",\"logo\":{\"@type\":\"ImageObject\",\"inLanguage\":\"en-GB\",\"@id\":\"https:\\\/\\\/repaircafebudapest.hu\\\/#\\\/schema\\\/logo\\\/image\\\/\",\"url\":\"https:\\\/\\\/repaircafebudapest.hu\\\/wp-content\\\/uploads\\\/2023\\\/11\\\/rcb-logo.webp\",\"contentUrl\":\"https:\\\/\\\/repaircafebudapest.hu\\\/wp-content\\\/uploads\\\/2023\\\/11\\\/rcb-logo.webp\",\"width\":2298,\"height\":1000,\"caption\":\"Repair Cafe Budapest\"},\"image\":{\"@id\":\"https:\\\/\\\/repaircafebudapest.hu\\\/#\\\/schema\\\/logo\\\/image\\\/\"},\"sameAs\":[\"https:\\\/\\\/www.facebook.com\\\/profile.php?id=61552754066692&locale=hu_HU\"]}]}<\/script>\n<!-- \/ Yoast SEO Premium plugin. -->","yoast_head_json":{"title":"Adventi-kar\u00e1csonyi k\u00e9zm\u0171ves hangol\u00f3d\u00e1s - Repair Cafe Budapest","robots":{"index":"index","follow":"follow","max-snippet":"max-snippet:-1","max-image-preview":"max-image-preview:large","max-video-preview":"max-video-preview:-1"},"canonical":"https:\/\/repaircafebudapest.hu\/en\/event\/adventi-karacsonyi-kezmuves-hangolodas\/","og_locale":"en_GB","og_type":"article","og_title":"Adventi-kar\u00e1csonyi k\u00e9zm\u0171ves hangol\u00f3d\u00e1s","og_description":"Az adventi id\u0151szak k\u00f6zeledt\u00e9vel egyre t\u00f6bb lehet\u0151s\u00e9g ny\u00edlik arra, hogy kreat\u00edvan k\u00e9sz\u00fclj\u00fcnk a kar\u00e1csonyra. Egy adventi-kar\u00e1csonyi workshop ide\u00e1lis alkalom arra, hogy r\u00e1hangol\u00f3djunk az \u00fcnnepi hangulatra, \u00e9s saj\u00e1t kez\u0171leg k\u00e9sz\u00edts\u00fcnk k\u00fcl\u00f6nleges d\u00edszeket, aj\u00e1nd\u00e9kokat. Szeretettel v\u00e1runk mindenkit szombaton 10 \u00f3r\u00e1t\u00f3l a Repair Cafe-ba, ahol adventi \u00e9s kar\u00e1csonyi dekor\u00e1ci\u00f3kat k\u00e9sz\u00edt\u00fcnk egy\u00fctt. Ez a nap nemcsak a kreativit\u00e1sr\u00f3l sz\u00f3l, [&hellip;]","og_url":"https:\/\/repaircafebudapest.hu\/en\/event\/adventi-karacsonyi-kezmuves-hangolodas\/","og_site_name":"Repair Cafe Budapest","article_publisher":"https:\/\/www.facebook.com\/profile.php?id=61552754066692&locale=hu_HU","article_modified_time":"2025-11-30T23:26:45+00:00","og_image":[{"width":1600,"height":896,"url":"https:\/\/repaircafebudapest.hu\/wp-content\/uploads\/2025\/11\/588704542_122230381928091802_8633328041274607137_n.webp","type":"image\/webp"}],"twitter_card":"summary_large_image","twitter_misc":{"Estimated reading time":"1 minute"},"schema":{"@context":"https:\/\/schema.org","@graph":[{"@type":"WebPage","@id":"https:\/\/repaircafebudapest.hu\/event\/adventi-karacsonyi-kezmuves-hangolodas\/","url":"https:\/\/repaircafebudapest.hu\/event\/adventi-karacsonyi-kezmuves-hangolodas\/","name":"Adventi-kar\u00e1csonyi k\u00e9zm\u0171ves hangol\u00f3d\u00e1s - Repair Cafe Budapest","isPartOf":{"@id":"https:\/\/repaircafebudapest.hu\/#website"},"primaryImageOfPage":{"@id":"https:\/\/repaircafebudapest.hu\/event\/adventi-karacsonyi-kezmuves-hangolodas\/#primaryimage"},"image":{"@id":"https:\/\/repaircafebudapest.hu\/event\/adventi-karacsonyi-kezmuves-hangolodas\/#primaryimage"},"thumbnailUrl":"https:\/\/repaircafebudapest.hu\/wp-content\/uploads\/2025\/11\/588704542_122230381928091802_8633328041274607137_n.webp","datePublished":"2025-11-27T07:38:51+00:00","dateModified":"2025-11-30T23:26:45+00:00","breadcrumb":{"@id":"https:\/\/repaircafebudapest.hu\/event\/adventi-karacsonyi-kezmuves-hangolodas\/#breadcrumb"},"inLanguage":"en-GB","potentialAction":[{"@type":"ReadAction","target":["https:\/\/repaircafebudapest.hu\/event\/adventi-karacsonyi-kezmuves-hangolodas\/"]}]},{"@type":"ImageObject","inLanguage":"en-GB","@id":"https:\/\/repaircafebudapest.hu\/event\/adventi-karacsonyi-kezmuves-hangolodas\/#primaryimage","url":"https:\/\/repaircafebudapest.hu\/wp-content\/uploads\/2025\/11\/588704542_122230381928091802_8633328041274607137_n.webp","contentUrl":"https:\/\/repaircafebudapest.hu\/wp-content\/uploads\/2025\/11\/588704542_122230381928091802_8633328041274607137_n.webp","width":1600,"height":896},{"@type":"BreadcrumbList","@id":"https:\/\/repaircafebudapest.hu\/event\/adventi-karacsonyi-kezmuves-hangolodas\/#breadcrumb","itemListElement":[{"@type":"ListItem","position":1,"name":"Kezd\u0151lap","item":"https:\/\/repaircafebudapest.hu\/"},{"@type":"ListItem","position":2,"name":"Adventi-kar\u00e1csonyi k\u00e9zm\u0171ves hangol\u00f3d\u00e1s"}]},{"@type":"WebSite","@id":"https:\/\/repaircafebudapest.hu\/#website","url":"https:\/\/repaircafebudapest.hu\/","name":"Repair Cafe Budapest","description":"Repair Cafe Budapest","publisher":{"@id":"https:\/\/repaircafebudapest.hu\/#organization"},"potentialAction":[{"@type":"SearchAction","target":{"@type":"EntryPoint","urlTemplate":"https:\/\/repaircafebudapest.hu\/?s={search_term_string}"},"query-input":{"@type":"PropertyValueSpecification","valueRequired":true,"valueName":"search_term_string"}}],"inLanguage":"en-GB"},{"@type":"Organization","@id":"https:\/\/repaircafebudapest.hu\/#organization","name":"Repair Cafe Budapest","url":"https:\/\/repaircafebudapest.hu\/","logo":{"@type":"ImageObject","inLanguage":"en-GB","@id":"https:\/\/repaircafebudapest.hu\/#\/schema\/logo\/image\/","url":"https:\/\/repaircafebudapest.hu\/wp-content\/uploads\/2023\/11\/rcb-logo.webp","contentUrl":"https:\/\/repaircafebudapest.hu\/wp-content\/uploads\/2023\/11\/rcb-logo.webp","width":2298,"height":1000,"caption":"Repair Cafe Budapest"},"image":{"@id":"https:\/\/repaircafebudapest.hu\/#\/schema\/logo\/image\/"},"sameAs":["https:\/\/www.facebook.com\/profile.php?id=61552754066692&locale=hu_HU"]}]}},"_links":{"self":[{"href":"https:\/\/repaircafebudapest.hu\/en\/wp-json\/wp\/v2\/event_listing\/1368","targetHints":{"allow":["GET"]}}],"collection":[{"href":"https:\/\/repaircafebudapest.hu\/en\/wp-json\/wp\/v2\/event_listing"}],"about":[{"href":"https:\/\/repaircafebudapest.hu\/en\/wp-json\/wp\/v2\/types\/event_listing"}],"wp:featuredmedia":[{"embeddable":true,"href":"https:\/\/repaircafebudapest.hu\/en\/wp-json\/wp\/v2\/media\/1369"}],"wp:attachment":[{"href":"https:\/\/repaircafebudapest.hu\/en\/wp-json\/wp\/v2\/media?parent=1368"}],"wp:term":[{"taxonomy":"event_listing_category","embeddable":true,"href":"https:\/\/repaircafebudapest.hu\/en\/wp-json\/wp\/v2\/event_listing_category?post=1368"},{"taxonomy":"event_listing_type","embeddable":true,"href":"https:\/\/repaircafebudapest.hu\/en\/wp-json\/wp\/v2\/event_listing_type?post=1368"}],"curies":[{"name":"wp","href":"https:\/\/api.w.org\/{rel}","templated":true}]}}