{"id":1179,"date":"2025-04-16T22:41:22","date_gmt":"2025-04-16T21:41:22","guid":{"rendered":"https:\/\/repaircafebudapest.hu\/?post_type=event_listing&#038;p=1179"},"modified":"2025-04-27T00:22:25","modified_gmt":"2025-04-26T23:22:25","slug":"fold-napi-forgatag-a-varoshaza-parkban","status":"expired","type":"event_listing","link":"https:\/\/repaircafebudapest.hu\/en\/event\/fold-napi-forgatag-a-varoshaza-parkban\/","title":{"rendered":"F\u00f6ld napi forgatag a V\u00e1rosh\u00e1za parkban"},"content":{"rendered":"<div class=\"xdj266r x11i5rnm xat24cr x1mh8g0r x1vvkbs\">F\u00f6ld napi forgataggal \u00fcnnepeli a F\u00f6ld napj\u00e1t a F\u0151v\u00e1rosi \u00d6nkorm\u00e1nyzat. <strong>\u00c1prilis 26-\u00e1n szombaton<\/strong> piaccal, vir\u00e1g- \u00e9s szoban\u00f6v\u00e9nyv\u00e1s\u00e1rral \u00e9s kl\u00edm\u00e1s programokkal v\u00e1rjuk a l\u00e1togat\u00f3kat a V\u00e1rosh\u00e1za Parkban.<\/div>\n<p>&nbsp;<\/p>\n<div class=\"x11i5rnm xat24cr x1mh8g0r x1vvkbs xtlvy1s\">Ezen a napon \u00e9s innen indul a t\u00edzezres nagys\u00e1grend\u0171 v\u00e1rosi biciklist\u00e1t megmozgat\u00f3 I Bike Budapest bring\u00e1s felvonul\u00e1s 15 \u00f3rakor. A bicikliz\u0151k az indul\u00e1s el\u0151tt \u00e1tn\u00e9zethetik ker\u00e9kp\u00e1rjaikat a Repair Caf\u00e9val, s\u0151t a nagy felvonul\u00e1s el\u0151tt biciklis oktat\u00e1son vehetnek r\u00e9szt a Merlin Sz\u00ednh\u00e1z el\u0151tti ter\u00fcleten gyerekek \u00e9s feln\u0151ttek egyar\u00e1nt. Az oktat\u00e1son r\u00e9sztvev\u0151k sz\u00e1ma korl\u00e1tozott, regisztr\u00e1ci\u00f3 hamarosan!<\/div>\n<p>&nbsp;<\/p>\n<div class=\"x11i5rnm xat24cr x1mh8g0r x1vvkbs xtlvy1s\">Szint\u00e9n ezen a napon ny\u00edlik meg a Budapest V\u00e1s\u00e1rcsarnokai \u00faj piaca. A piac ezut\u00e1n tesztjelleggel, egy h\u00f3napon \u00e1t lesz nyitva.<\/div>\n<div class=\"x11i5rnm xat24cr x1mh8g0r x1vvkbs xtlvy1s\">&#8211; Az esem\u00e9nyen meg lehet k\u00f3stolni az \u00c9tkeztet\u00e9si Szolg\u00e1ltat\u00f3 Gazdas\u00e1gi Szervezet kl\u00edmatudatos, n\u00f6v\u00e9nyi feh\u00e9rj\u00e9re \u00e9p\u00fcl\u0151 men\u00fcsor\u00e1t, amely r\u00e9sz\u00e9t k\u00e9pezi annak a t\u00f6rekv\u00e9snek, amelynek ment\u00e9n a F\u0151v\u00e1ros szeretn\u00e9 meg\u00faj\u00edtani a k\u00f6z\u00e9tkeztet\u00e9s rendszer\u00e9t.<br class=\"html-br\" \/>&#8211; A F\u0151v\u00e1rosi V\u00edzm\u0171vek is jelen lesz, a kiv\u00e1l\u00f3 min\u0151s\u00e9g\u0171 budapesti iv\u00f3vizet lajtos kocsir\u00f3l m\u00e9rhetj\u00fck majd a kulacsunkba.<br class=\"html-br\" \/>&#8211; A BKM &#8211; F\u0150KERT j\u00f3volt\u00e1b\u00f3l egyny\u00e1ri n\u00f6v\u00e9nyeket lehet majd v\u00e1s\u00e1rolni.<br class=\"html-br\" \/>&#8211; A Magyar Gyula Kert\u00e9szeti Technikum \u00e9s Szakk\u00e9pz\u0151 Iskola pedig szoban\u00f6v\u00e9nyeket \u00e1rul majd kedvezm\u00e9nyes \u00e1ron.<\/div>\n<p>&nbsp;<\/p>\n<div class=\"x11i5rnm xat24cr x1mh8g0r x1vvkbs xtlvy1s\">A F\u0151v\u00e1rosi \u00d6nkorm\u00e1nyzat munk\u00e1j\u00e1t Budapest nagy asztal\u00e1n\u00e1l a Kl\u00edma\u00fcgyn\u00f6ks\u00e9g \u00e9s a Kl\u00edmaf\u0151oszt\u00e1ly mutatja be. A Nyitott Budapest Oszt\u00e1ly k\u00f6z\u00f6ss\u00e9gi k\u00f6lts\u00e9gvet\u00e9s csoportja gyerekprogramokkal, \u00fcgyess\u00e9gi programokkal, rajzol\u00e1ssal, kv\u00edzzel \u00e9s meglepet\u00e9sekkel k\u00e9sz\u00fcl. Az esem\u00e9nyen ott lesz Az \u00c9v F\u0151v\u00e1rosi Civil Szervezete d\u00edj\u00e1t elnyer\u0151 Adom\u00e1nytaxi Alap\u00edtv\u00e1ny Taxiturija is, ahol haszn\u00e1lt ruh\u00e1k v\u00e1s\u00e1rl\u00e1s\u00e1val t\u00e1mogathatjuk az egyes\u00fclet munk\u00e1j\u00e1t. Kitelep\u00fcl az Id\u0151sek Inform\u00e1ci\u00f3s Pontja, a Kamaraerdei \u00dati Id\u0151sek Otthona Mini Ment\u00e1l teszttel lesz jelen. A Merlin Sz\u00ednh\u00e1z terasz\u00e1n jegyet v\u00e1s\u00e1rolhatunk az \u00d6rk\u00e9ny sz\u00ednh\u00e1z el\u0151ad\u00e1saira.<\/div>\n<p>&nbsp;<\/p>\n<div class=\"x11i5rnm xat24cr x1mh8g0r x1vvkbs xtlvy1s\">A Forgatagon lehet el\u0151sz\u00f6r haszn\u00e1lni a V\u00e1rosh\u00e1za Park \u00faj sportfejleszt\u00e9seit: pingpong asztal, teqball asztal \u00e9s petanque p\u00e1lya v\u00e1rja a j\u00f6v\u0151ben a sportolni v\u00e1gy\u00f3kat a F\u0151v\u00e1rosi \u00d6nkorm\u00e1nyzat udvar\u00e1n a Budapesti Sportszolg\u00e1ltat\u00f3 K\u00f6zpont j\u00f3volt\u00e1b\u00f3l<\/div>","protected":false},"featured_media":1180,"template":"","meta":{"_acf_changed":false},"event_listing_category":[],"event_listing_type":[],"class_list":["post-1179","event_listing","type-event_listing","status-expired","has-post-thumbnail","hentry"],"acf":[],"yoast_head":"<!-- This site is optimized with the Yoast SEO Premium plugin v27.4 (Yoast SEO v27.4) - https:\/\/yoast.com\/product\/yoast-seo-premium-wordpress\/ -->\n<title>F\u00f6ld napi forgatag a V\u00e1rosh\u00e1za parkban - Repair Cafe Budapest<\/title>\n<meta name=\"robots\" content=\"index, follow, max-snippet:-1, max-image-preview:large, max-video-preview:-1\" \/>\n<link rel=\"canonical\" href=\"https:\/\/repaircafebudapest.hu\/en\/event\/fold-napi-forgatag-a-varoshaza-parkban\/\" \/>\n<meta property=\"og:locale\" content=\"en_GB\" \/>\n<meta property=\"og:type\" content=\"article\" \/>\n<meta property=\"og:title\" content=\"F\u00f6ld napi forgatag a V\u00e1rosh\u00e1za parkban\" \/>\n<meta property=\"og:description\" content=\"F\u00f6ld napi forgataggal \u00fcnnepeli a F\u00f6ld napj\u00e1t a F\u0151v\u00e1rosi \u00d6nkorm\u00e1nyzat. \u00c1prilis 26-\u00e1n szombaton piaccal, vir\u00e1g- \u00e9s szoban\u00f6v\u00e9nyv\u00e1s\u00e1rral \u00e9s kl\u00edm\u00e1s programokkal v\u00e1rjuk a l\u00e1togat\u00f3kat a V\u00e1rosh\u00e1za Parkban. &nbsp; Ezen a napon \u00e9s innen indul a t\u00edzezres nagys\u00e1grend\u0171 v\u00e1rosi biciklist\u00e1t megmozgat\u00f3 I Bike Budapest bring\u00e1s felvonul\u00e1s 15 \u00f3rakor. A bicikliz\u0151k az indul\u00e1s el\u0151tt \u00e1tn\u00e9zethetik ker\u00e9kp\u00e1rjaikat a Repair [&hellip;]\" \/>\n<meta property=\"og:url\" content=\"https:\/\/repaircafebudapest.hu\/en\/event\/fold-napi-forgatag-a-varoshaza-parkban\/\" \/>\n<meta property=\"og:site_name\" content=\"Repair Cafe Budapest\" \/>\n<meta property=\"article:publisher\" content=\"https:\/\/www.facebook.com\/profile.php?id=61552754066692&amp;locale=hu_HU\" \/>\n<meta property=\"article:modified_time\" content=\"2025-04-26T23:22:25+00:00\" \/>\n<meta property=\"og:image\" content=\"https:\/\/repaircafebudapest.hu\/wp-content\/uploads\/2025\/04\/487122464_972529241724444_3182674218392023305_n.jpg\" \/>\n\t<meta property=\"og:image:width\" content=\"1920\" \/>\n\t<meta property=\"og:image:height\" content=\"1005\" \/>\n\t<meta property=\"og:image:type\" content=\"image\/jpeg\" \/>\n<meta name=\"twitter:card\" content=\"summary_large_image\" \/>\n<meta name=\"twitter:label1\" content=\"Estimated reading time\" \/>\n\t<meta name=\"twitter:data1\" content=\"2 minutes\" \/>\n<script type=\"application\/ld+json\" class=\"yoast-schema-graph\">{\"@context\":\"https:\\\/\\\/schema.org\",\"@graph\":[{\"@type\":\"WebPage\",\"@id\":\"https:\\\/\\\/repaircafebudapest.hu\\\/event\\\/fold-napi-forgatag-a-varoshaza-parkban\\\/\",\"url\":\"https:\\\/\\\/repaircafebudapest.hu\\\/event\\\/fold-napi-forgatag-a-varoshaza-parkban\\\/\",\"name\":\"F\u00f6ld napi forgatag a V\u00e1rosh\u00e1za parkban - Repair Cafe Budapest\",\"isPartOf\":{\"@id\":\"https:\\\/\\\/repaircafebudapest.hu\\\/#website\"},\"primaryImageOfPage\":{\"@id\":\"https:\\\/\\\/repaircafebudapest.hu\\\/event\\\/fold-napi-forgatag-a-varoshaza-parkban\\\/#primaryimage\"},\"image\":{\"@id\":\"https:\\\/\\\/repaircafebudapest.hu\\\/event\\\/fold-napi-forgatag-a-varoshaza-parkban\\\/#primaryimage\"},\"thumbnailUrl\":\"https:\\\/\\\/repaircafebudapest.hu\\\/wp-content\\\/uploads\\\/2025\\\/04\\\/487122464_972529241724444_3182674218392023305_n.jpg\",\"datePublished\":\"2025-04-16T21:41:22+00:00\",\"dateModified\":\"2025-04-26T23:22:25+00:00\",\"breadcrumb\":{\"@id\":\"https:\\\/\\\/repaircafebudapest.hu\\\/event\\\/fold-napi-forgatag-a-varoshaza-parkban\\\/#breadcrumb\"},\"inLanguage\":\"en-GB\",\"potentialAction\":[{\"@type\":\"ReadAction\",\"target\":[\"https:\\\/\\\/repaircafebudapest.hu\\\/event\\\/fold-napi-forgatag-a-varoshaza-parkban\\\/\"]}]},{\"@type\":\"ImageObject\",\"inLanguage\":\"en-GB\",\"@id\":\"https:\\\/\\\/repaircafebudapest.hu\\\/event\\\/fold-napi-forgatag-a-varoshaza-parkban\\\/#primaryimage\",\"url\":\"https:\\\/\\\/repaircafebudapest.hu\\\/wp-content\\\/uploads\\\/2025\\\/04\\\/487122464_972529241724444_3182674218392023305_n.jpg\",\"contentUrl\":\"https:\\\/\\\/repaircafebudapest.hu\\\/wp-content\\\/uploads\\\/2025\\\/04\\\/487122464_972529241724444_3182674218392023305_n.jpg\",\"width\":1920,\"height\":1005},{\"@type\":\"BreadcrumbList\",\"@id\":\"https:\\\/\\\/repaircafebudapest.hu\\\/event\\\/fold-napi-forgatag-a-varoshaza-parkban\\\/#breadcrumb\",\"itemListElement\":[{\"@type\":\"ListItem\",\"position\":1,\"name\":\"Kezd\u0151lap\",\"item\":\"https:\\\/\\\/repaircafebudapest.hu\\\/\"},{\"@type\":\"ListItem\",\"position\":2,\"name\":\"F\u00f6ld napi forgatag a V\u00e1rosh\u00e1za parkban\"}]},{\"@type\":\"WebSite\",\"@id\":\"https:\\\/\\\/repaircafebudapest.hu\\\/#website\",\"url\":\"https:\\\/\\\/repaircafebudapest.hu\\\/\",\"name\":\"Repair Cafe Budapest\",\"description\":\"Repair Cafe Budapest\",\"publisher\":{\"@id\":\"https:\\\/\\\/repaircafebudapest.hu\\\/#organization\"},\"potentialAction\":[{\"@type\":\"SearchAction\",\"target\":{\"@type\":\"EntryPoint\",\"urlTemplate\":\"https:\\\/\\\/repaircafebudapest.hu\\\/?s={search_term_string}\"},\"query-input\":{\"@type\":\"PropertyValueSpecification\",\"valueRequired\":true,\"valueName\":\"search_term_string\"}}],\"inLanguage\":\"en-GB\"},{\"@type\":\"Organization\",\"@id\":\"https:\\\/\\\/repaircafebudapest.hu\\\/#organization\",\"name\":\"Repair Cafe Budapest\",\"url\":\"https:\\\/\\\/repaircafebudapest.hu\\\/\",\"logo\":{\"@type\":\"ImageObject\",\"inLanguage\":\"en-GB\",\"@id\":\"https:\\\/\\\/repaircafebudapest.hu\\\/#\\\/schema\\\/logo\\\/image\\\/\",\"url\":\"https:\\\/\\\/repaircafebudapest.hu\\\/wp-content\\\/uploads\\\/2023\\\/11\\\/rcb-logo.webp\",\"contentUrl\":\"https:\\\/\\\/repaircafebudapest.hu\\\/wp-content\\\/uploads\\\/2023\\\/11\\\/rcb-logo.webp\",\"width\":2298,\"height\":1000,\"caption\":\"Repair Cafe Budapest\"},\"image\":{\"@id\":\"https:\\\/\\\/repaircafebudapest.hu\\\/#\\\/schema\\\/logo\\\/image\\\/\"},\"sameAs\":[\"https:\\\/\\\/www.facebook.com\\\/profile.php?id=61552754066692&locale=hu_HU\"]}]}<\/script>\n<!-- \/ Yoast SEO Premium plugin. -->","yoast_head_json":{"title":"F\u00f6ld napi forgatag a V\u00e1rosh\u00e1za parkban - Repair Cafe Budapest","robots":{"index":"index","follow":"follow","max-snippet":"max-snippet:-1","max-image-preview":"max-image-preview:large","max-video-preview":"max-video-preview:-1"},"canonical":"https:\/\/repaircafebudapest.hu\/en\/event\/fold-napi-forgatag-a-varoshaza-parkban\/","og_locale":"en_GB","og_type":"article","og_title":"F\u00f6ld napi forgatag a V\u00e1rosh\u00e1za parkban","og_description":"F\u00f6ld napi forgataggal \u00fcnnepeli a F\u00f6ld napj\u00e1t a F\u0151v\u00e1rosi \u00d6nkorm\u00e1nyzat. \u00c1prilis 26-\u00e1n szombaton piaccal, vir\u00e1g- \u00e9s szoban\u00f6v\u00e9nyv\u00e1s\u00e1rral \u00e9s kl\u00edm\u00e1s programokkal v\u00e1rjuk a l\u00e1togat\u00f3kat a V\u00e1rosh\u00e1za Parkban. &nbsp; Ezen a napon \u00e9s innen indul a t\u00edzezres nagys\u00e1grend\u0171 v\u00e1rosi biciklist\u00e1t megmozgat\u00f3 I Bike Budapest bring\u00e1s felvonul\u00e1s 15 \u00f3rakor. A bicikliz\u0151k az indul\u00e1s el\u0151tt \u00e1tn\u00e9zethetik ker\u00e9kp\u00e1rjaikat a Repair [&hellip;]","og_url":"https:\/\/repaircafebudapest.hu\/en\/event\/fold-napi-forgatag-a-varoshaza-parkban\/","og_site_name":"Repair Cafe Budapest","article_publisher":"https:\/\/www.facebook.com\/profile.php?id=61552754066692&locale=hu_HU","article_modified_time":"2025-04-26T23:22:25+00:00","og_image":[{"width":1920,"height":1005,"url":"https:\/\/repaircafebudapest.hu\/wp-content\/uploads\/2025\/04\/487122464_972529241724444_3182674218392023305_n.jpg","type":"image\/jpeg"}],"twitter_card":"summary_large_image","twitter_misc":{"Estimated reading time":"2 minutes"},"schema":{"@context":"https:\/\/schema.org","@graph":[{"@type":"WebPage","@id":"https:\/\/repaircafebudapest.hu\/event\/fold-napi-forgatag-a-varoshaza-parkban\/","url":"https:\/\/repaircafebudapest.hu\/event\/fold-napi-forgatag-a-varoshaza-parkban\/","name":"F\u00f6ld napi forgatag a V\u00e1rosh\u00e1za parkban - Repair Cafe Budapest","isPartOf":{"@id":"https:\/\/repaircafebudapest.hu\/#website"},"primaryImageOfPage":{"@id":"https:\/\/repaircafebudapest.hu\/event\/fold-napi-forgatag-a-varoshaza-parkban\/#primaryimage"},"image":{"@id":"https:\/\/repaircafebudapest.hu\/event\/fold-napi-forgatag-a-varoshaza-parkban\/#primaryimage"},"thumbnailUrl":"https:\/\/repaircafebudapest.hu\/wp-content\/uploads\/2025\/04\/487122464_972529241724444_3182674218392023305_n.jpg","datePublished":"2025-04-16T21:41:22+00:00","dateModified":"2025-04-26T23:22:25+00:00","breadcrumb":{"@id":"https:\/\/repaircafebudapest.hu\/event\/fold-napi-forgatag-a-varoshaza-parkban\/#breadcrumb"},"inLanguage":"en-GB","potentialAction":[{"@type":"ReadAction","target":["https:\/\/repaircafebudapest.hu\/event\/fold-napi-forgatag-a-varoshaza-parkban\/"]}]},{"@type":"ImageObject","inLanguage":"en-GB","@id":"https:\/\/repaircafebudapest.hu\/event\/fold-napi-forgatag-a-varoshaza-parkban\/#primaryimage","url":"https:\/\/repaircafebudapest.hu\/wp-content\/uploads\/2025\/04\/487122464_972529241724444_3182674218392023305_n.jpg","contentUrl":"https:\/\/repaircafebudapest.hu\/wp-content\/uploads\/2025\/04\/487122464_972529241724444_3182674218392023305_n.jpg","width":1920,"height":1005},{"@type":"BreadcrumbList","@id":"https:\/\/repaircafebudapest.hu\/event\/fold-napi-forgatag-a-varoshaza-parkban\/#breadcrumb","itemListElement":[{"@type":"ListItem","position":1,"name":"Kezd\u0151lap","item":"https:\/\/repaircafebudapest.hu\/"},{"@type":"ListItem","position":2,"name":"F\u00f6ld napi forgatag a V\u00e1rosh\u00e1za parkban"}]},{"@type":"WebSite","@id":"https:\/\/repaircafebudapest.hu\/#website","url":"https:\/\/repaircafebudapest.hu\/","name":"Repair Cafe Budapest","description":"Repair Cafe Budapest","publisher":{"@id":"https:\/\/repaircafebudapest.hu\/#organization"},"potentialAction":[{"@type":"SearchAction","target":{"@type":"EntryPoint","urlTemplate":"https:\/\/repaircafebudapest.hu\/?s={search_term_string}"},"query-input":{"@type":"PropertyValueSpecification","valueRequired":true,"valueName":"search_term_string"}}],"inLanguage":"en-GB"},{"@type":"Organization","@id":"https:\/\/repaircafebudapest.hu\/#organization","name":"Repair Cafe Budapest","url":"https:\/\/repaircafebudapest.hu\/","logo":{"@type":"ImageObject","inLanguage":"en-GB","@id":"https:\/\/repaircafebudapest.hu\/#\/schema\/logo\/image\/","url":"https:\/\/repaircafebudapest.hu\/wp-content\/uploads\/2023\/11\/rcb-logo.webp","contentUrl":"https:\/\/repaircafebudapest.hu\/wp-content\/uploads\/2023\/11\/rcb-logo.webp","width":2298,"height":1000,"caption":"Repair Cafe Budapest"},"image":{"@id":"https:\/\/repaircafebudapest.hu\/#\/schema\/logo\/image\/"},"sameAs":["https:\/\/www.facebook.com\/profile.php?id=61552754066692&locale=hu_HU"]}]}},"_links":{"self":[{"href":"https:\/\/repaircafebudapest.hu\/en\/wp-json\/wp\/v2\/event_listing\/1179","targetHints":{"allow":["GET"]}}],"collection":[{"href":"https:\/\/repaircafebudapest.hu\/en\/wp-json\/wp\/v2\/event_listing"}],"about":[{"href":"https:\/\/repaircafebudapest.hu\/en\/wp-json\/wp\/v2\/types\/event_listing"}],"wp:featuredmedia":[{"embeddable":true,"href":"https:\/\/repaircafebudapest.hu\/en\/wp-json\/wp\/v2\/media\/1180"}],"wp:attachment":[{"href":"https:\/\/repaircafebudapest.hu\/en\/wp-json\/wp\/v2\/media?parent=1179"}],"wp:term":[{"taxonomy":"event_listing_category","embeddable":true,"href":"https:\/\/repaircafebudapest.hu\/en\/wp-json\/wp\/v2\/event_listing_category?post=1179"},{"taxonomy":"event_listing_type","embeddable":true,"href":"https:\/\/repaircafebudapest.hu\/en\/wp-json\/wp\/v2\/event_listing_type?post=1179"}],"curies":[{"name":"wp","href":"https:\/\/api.w.org\/{rel}","templated":true}]}}