{"id":1058,"date":"2024-12-11T00:14:17","date_gmt":"2024-12-10T23:14:17","guid":{"rendered":"https:\/\/repaircafebudapest.hu\/?post_type=event_listing&#038;p=1058"},"modified":"2024-12-16T00:27:15","modified_gmt":"2024-12-15T23:27:15","slug":"kozossegi-karacsonyfa-diszites","status":"expired","type":"event_listing","link":"https:\/\/repaircafebudapest.hu\/en\/event\/kozossegi-karacsonyfa-diszites\/","title":{"rendered":"K\u00f6z\u00f6ss\u00e9gi kar\u00e1csonyfa d\u00edsz\u00edt\u00e9s"},"content":{"rendered":"<p>Id\u00e9n az a megtiszteltet\u00e9s \u00e9rt benn\u00fcnket, hogy <strong>mi d\u00edsz\u00edthetj\u00fck fel a Teleki t\u00e9r kar\u00e1csonyf\u00e1j\u00e1t<\/strong>.<\/p>\n<p>Szeretettel v\u00e1runk mindenkit egy k\u00f6z\u00f6s kar\u00e1csonyfa feld\u00edsz\u00edt\u00e9s\u00e9re a Teleki t\u00e9ren. Az impoz\u00e1ns m\u00e9ret\u0171 feny\u0151fa <strong>5 m\u00e9ter magas lesz<\/strong>, \u00e9s mivel egy\u00fctt fogjuk fel\u00f6lt\u00f6ztetni, nemcsak a d\u00edszek var\u00e1zsolj\u00e1k majd sz\u00e9pp\u00e9. Ut\u00e1na pedig megh\u00edvunk mindenkit a szereld\u00e9be egy forr\u00f3 te\u00e1ra \u00e9s apr\u00f3s\u00fctem\u00e9nyez\u00e9sre a szereld\u00e9nkbe.<\/p>\n<p>Aki kedvet \u00e9rez mag\u00e1ban az el\u0151k\u00e9sz\u00fcletekben is r\u00e9szt venni, saj\u00e1tkez\u0171leg k\u00e9sz\u00edteni dekor\u00e1ci\u00f3t, \u0151ket szombat d\u00e9lut\u00e1n ( el\u0151z\u0151 nap) v\u00e1rjuk szeretettel bent 3 \u00f3r\u00e1t\u00f3l. Term\u00e9szetesen hozhattok otthonr\u00f3l is majd, amit sz\u00edvesen elhelyezn\u00e9tek k\u00f6z\u00f6s kar\u00e1csonyf\u00e1nkon.<\/p>\n<p>Csak annyit k\u00e9r\u00fcnk, hogy ebb\u00e9li sz\u00e1nd\u00e9kotokat vagy messengeren, vagy az <a href=\"mailto:info@repaircafebudapest.hu\"><strong>info@repaircafebudapest.hu<\/strong><\/a> e-mail c\u00edm\u00fcnkre jelezz\u00e9tek! Csak hogy tudjuk mennyi te\u00e1val \u00e9s ropogtatni val\u00f3val k\u00e9sz\u00fclj\u00fcnk.<\/p>","protected":false},"featured_media":1059,"template":"","meta":{"_acf_changed":false},"event_listing_category":[],"event_listing_type":[],"class_list":["post-1058","event_listing","type-event_listing","status-expired","has-post-thumbnail","hentry"],"acf":[],"yoast_head":"<!-- This site is optimized with the Yoast SEO Premium plugin v27.4 (Yoast SEO v27.4) - https:\/\/yoast.com\/product\/yoast-seo-premium-wordpress\/ -->\n<title>K\u00f6z\u00f6ss\u00e9gi kar\u00e1csonyfa d\u00edsz\u00edt\u00e9s - Repair Cafe Budapest<\/title>\n<meta name=\"robots\" content=\"index, follow, max-snippet:-1, max-image-preview:large, max-video-preview:-1\" \/>\n<link rel=\"canonical\" href=\"https:\/\/repaircafebudapest.hu\/en\/event\/kozossegi-karacsonyfa-diszites\/\" \/>\n<meta property=\"og:locale\" content=\"en_GB\" \/>\n<meta property=\"og:type\" content=\"article\" \/>\n<meta property=\"og:title\" content=\"K\u00f6z\u00f6ss\u00e9gi kar\u00e1csonyfa d\u00edsz\u00edt\u00e9s\" \/>\n<meta property=\"og:description\" content=\"Id\u00e9n az a megtiszteltet\u00e9s \u00e9rt benn\u00fcnket, hogy mi d\u00edsz\u00edthetj\u00fck fel a Teleki t\u00e9r kar\u00e1csonyf\u00e1j\u00e1t. Szeretettel v\u00e1runk mindenkit egy k\u00f6z\u00f6s kar\u00e1csonyfa feld\u00edsz\u00edt\u00e9s\u00e9re a Teleki t\u00e9ren. Az impoz\u00e1ns m\u00e9ret\u0171 feny\u0151fa 5 m\u00e9ter magas lesz, \u00e9s mivel egy\u00fctt fogjuk fel\u00f6lt\u00f6ztetni, nemcsak a d\u00edszek var\u00e1zsolj\u00e1k majd sz\u00e9pp\u00e9. Ut\u00e1na pedig megh\u00edvunk mindenkit a szereld\u00e9be egy forr\u00f3 te\u00e1ra \u00e9s apr\u00f3s\u00fctem\u00e9nyez\u00e9sre a [&hellip;]\" \/>\n<meta property=\"og:url\" content=\"https:\/\/repaircafebudapest.hu\/en\/event\/kozossegi-karacsonyfa-diszites\/\" \/>\n<meta property=\"og:site_name\" content=\"Repair Cafe Budapest\" \/>\n<meta property=\"article:publisher\" content=\"https:\/\/www.facebook.com\/profile.php?id=61552754066692&amp;locale=hu_HU\" \/>\n<meta property=\"article:modified_time\" content=\"2024-12-15T23:27:15+00:00\" \/>\n<meta property=\"og:image\" content=\"https:\/\/repaircafebudapest.hu\/wp-content\/uploads\/2024\/12\/469614068_122185935488091802_473602688281301990_n.jpg\" \/>\n\t<meta property=\"og:image:width\" content=\"1920\" \/>\n\t<meta property=\"og:image:height\" content=\"1080\" \/>\n\t<meta property=\"og:image:type\" content=\"image\/jpeg\" \/>\n<meta name=\"twitter:card\" content=\"summary_large_image\" \/>\n<meta name=\"twitter:label1\" content=\"Estimated reading time\" \/>\n\t<meta name=\"twitter:data1\" content=\"1 minute\" \/>\n<script type=\"application\/ld+json\" class=\"yoast-schema-graph\">{\"@context\":\"https:\\\/\\\/schema.org\",\"@graph\":[{\"@type\":\"WebPage\",\"@id\":\"https:\\\/\\\/repaircafebudapest.hu\\\/event\\\/kozossegi-karacsonyfa-diszites\\\/\",\"url\":\"https:\\\/\\\/repaircafebudapest.hu\\\/event\\\/kozossegi-karacsonyfa-diszites\\\/\",\"name\":\"K\u00f6z\u00f6ss\u00e9gi kar\u00e1csonyfa d\u00edsz\u00edt\u00e9s - Repair Cafe Budapest\",\"isPartOf\":{\"@id\":\"https:\\\/\\\/repaircafebudapest.hu\\\/#website\"},\"primaryImageOfPage\":{\"@id\":\"https:\\\/\\\/repaircafebudapest.hu\\\/event\\\/kozossegi-karacsonyfa-diszites\\\/#primaryimage\"},\"image\":{\"@id\":\"https:\\\/\\\/repaircafebudapest.hu\\\/event\\\/kozossegi-karacsonyfa-diszites\\\/#primaryimage\"},\"thumbnailUrl\":\"https:\\\/\\\/repaircafebudapest.hu\\\/wp-content\\\/uploads\\\/2024\\\/12\\\/469614068_122185935488091802_473602688281301990_n.jpg\",\"datePublished\":\"2024-12-10T23:14:17+00:00\",\"dateModified\":\"2024-12-15T23:27:15+00:00\",\"breadcrumb\":{\"@id\":\"https:\\\/\\\/repaircafebudapest.hu\\\/event\\\/kozossegi-karacsonyfa-diszites\\\/#breadcrumb\"},\"inLanguage\":\"en-GB\",\"potentialAction\":[{\"@type\":\"ReadAction\",\"target\":[\"https:\\\/\\\/repaircafebudapest.hu\\\/event\\\/kozossegi-karacsonyfa-diszites\\\/\"]}]},{\"@type\":\"ImageObject\",\"inLanguage\":\"en-GB\",\"@id\":\"https:\\\/\\\/repaircafebudapest.hu\\\/event\\\/kozossegi-karacsonyfa-diszites\\\/#primaryimage\",\"url\":\"https:\\\/\\\/repaircafebudapest.hu\\\/wp-content\\\/uploads\\\/2024\\\/12\\\/469614068_122185935488091802_473602688281301990_n.jpg\",\"contentUrl\":\"https:\\\/\\\/repaircafebudapest.hu\\\/wp-content\\\/uploads\\\/2024\\\/12\\\/469614068_122185935488091802_473602688281301990_n.jpg\",\"width\":1920,\"height\":1080,\"caption\":\"K\u00f6z\u00f6ss\u00e9gi kar\u00e1csonyfa d\u00edsz\u00edt\u00e9s\"},{\"@type\":\"BreadcrumbList\",\"@id\":\"https:\\\/\\\/repaircafebudapest.hu\\\/event\\\/kozossegi-karacsonyfa-diszites\\\/#breadcrumb\",\"itemListElement\":[{\"@type\":\"ListItem\",\"position\":1,\"name\":\"Kezd\u0151lap\",\"item\":\"https:\\\/\\\/repaircafebudapest.hu\\\/\"},{\"@type\":\"ListItem\",\"position\":2,\"name\":\"K\u00f6z\u00f6ss\u00e9gi kar\u00e1csonyfa d\u00edsz\u00edt\u00e9s\"}]},{\"@type\":\"WebSite\",\"@id\":\"https:\\\/\\\/repaircafebudapest.hu\\\/#website\",\"url\":\"https:\\\/\\\/repaircafebudapest.hu\\\/\",\"name\":\"Repair Cafe Budapest\",\"description\":\"Repair Cafe Budapest\",\"publisher\":{\"@id\":\"https:\\\/\\\/repaircafebudapest.hu\\\/#organization\"},\"potentialAction\":[{\"@type\":\"SearchAction\",\"target\":{\"@type\":\"EntryPoint\",\"urlTemplate\":\"https:\\\/\\\/repaircafebudapest.hu\\\/?s={search_term_string}\"},\"query-input\":{\"@type\":\"PropertyValueSpecification\",\"valueRequired\":true,\"valueName\":\"search_term_string\"}}],\"inLanguage\":\"en-GB\"},{\"@type\":\"Organization\",\"@id\":\"https:\\\/\\\/repaircafebudapest.hu\\\/#organization\",\"name\":\"Repair Cafe Budapest\",\"url\":\"https:\\\/\\\/repaircafebudapest.hu\\\/\",\"logo\":{\"@type\":\"ImageObject\",\"inLanguage\":\"en-GB\",\"@id\":\"https:\\\/\\\/repaircafebudapest.hu\\\/#\\\/schema\\\/logo\\\/image\\\/\",\"url\":\"https:\\\/\\\/repaircafebudapest.hu\\\/wp-content\\\/uploads\\\/2023\\\/11\\\/rcb-logo.webp\",\"contentUrl\":\"https:\\\/\\\/repaircafebudapest.hu\\\/wp-content\\\/uploads\\\/2023\\\/11\\\/rcb-logo.webp\",\"width\":2298,\"height\":1000,\"caption\":\"Repair Cafe Budapest\"},\"image\":{\"@id\":\"https:\\\/\\\/repaircafebudapest.hu\\\/#\\\/schema\\\/logo\\\/image\\\/\"},\"sameAs\":[\"https:\\\/\\\/www.facebook.com\\\/profile.php?id=61552754066692&locale=hu_HU\"]}]}<\/script>\n<!-- \/ Yoast SEO Premium plugin. -->","yoast_head_json":{"title":"K\u00f6z\u00f6ss\u00e9gi kar\u00e1csonyfa d\u00edsz\u00edt\u00e9s - Repair Cafe Budapest","robots":{"index":"index","follow":"follow","max-snippet":"max-snippet:-1","max-image-preview":"max-image-preview:large","max-video-preview":"max-video-preview:-1"},"canonical":"https:\/\/repaircafebudapest.hu\/en\/event\/kozossegi-karacsonyfa-diszites\/","og_locale":"en_GB","og_type":"article","og_title":"K\u00f6z\u00f6ss\u00e9gi kar\u00e1csonyfa d\u00edsz\u00edt\u00e9s","og_description":"Id\u00e9n az a megtiszteltet\u00e9s \u00e9rt benn\u00fcnket, hogy mi d\u00edsz\u00edthetj\u00fck fel a Teleki t\u00e9r kar\u00e1csonyf\u00e1j\u00e1t. Szeretettel v\u00e1runk mindenkit egy k\u00f6z\u00f6s kar\u00e1csonyfa feld\u00edsz\u00edt\u00e9s\u00e9re a Teleki t\u00e9ren. Az impoz\u00e1ns m\u00e9ret\u0171 feny\u0151fa 5 m\u00e9ter magas lesz, \u00e9s mivel egy\u00fctt fogjuk fel\u00f6lt\u00f6ztetni, nemcsak a d\u00edszek var\u00e1zsolj\u00e1k majd sz\u00e9pp\u00e9. Ut\u00e1na pedig megh\u00edvunk mindenkit a szereld\u00e9be egy forr\u00f3 te\u00e1ra \u00e9s apr\u00f3s\u00fctem\u00e9nyez\u00e9sre a [&hellip;]","og_url":"https:\/\/repaircafebudapest.hu\/en\/event\/kozossegi-karacsonyfa-diszites\/","og_site_name":"Repair Cafe Budapest","article_publisher":"https:\/\/www.facebook.com\/profile.php?id=61552754066692&locale=hu_HU","article_modified_time":"2024-12-15T23:27:15+00:00","og_image":[{"width":1920,"height":1080,"url":"https:\/\/repaircafebudapest.hu\/wp-content\/uploads\/2024\/12\/469614068_122185935488091802_473602688281301990_n.jpg","type":"image\/jpeg"}],"twitter_card":"summary_large_image","twitter_misc":{"Estimated reading time":"1 minute"},"schema":{"@context":"https:\/\/schema.org","@graph":[{"@type":"WebPage","@id":"https:\/\/repaircafebudapest.hu\/event\/kozossegi-karacsonyfa-diszites\/","url":"https:\/\/repaircafebudapest.hu\/event\/kozossegi-karacsonyfa-diszites\/","name":"K\u00f6z\u00f6ss\u00e9gi kar\u00e1csonyfa d\u00edsz\u00edt\u00e9s - Repair Cafe Budapest","isPartOf":{"@id":"https:\/\/repaircafebudapest.hu\/#website"},"primaryImageOfPage":{"@id":"https:\/\/repaircafebudapest.hu\/event\/kozossegi-karacsonyfa-diszites\/#primaryimage"},"image":{"@id":"https:\/\/repaircafebudapest.hu\/event\/kozossegi-karacsonyfa-diszites\/#primaryimage"},"thumbnailUrl":"https:\/\/repaircafebudapest.hu\/wp-content\/uploads\/2024\/12\/469614068_122185935488091802_473602688281301990_n.jpg","datePublished":"2024-12-10T23:14:17+00:00","dateModified":"2024-12-15T23:27:15+00:00","breadcrumb":{"@id":"https:\/\/repaircafebudapest.hu\/event\/kozossegi-karacsonyfa-diszites\/#breadcrumb"},"inLanguage":"en-GB","potentialAction":[{"@type":"ReadAction","target":["https:\/\/repaircafebudapest.hu\/event\/kozossegi-karacsonyfa-diszites\/"]}]},{"@type":"ImageObject","inLanguage":"en-GB","@id":"https:\/\/repaircafebudapest.hu\/event\/kozossegi-karacsonyfa-diszites\/#primaryimage","url":"https:\/\/repaircafebudapest.hu\/wp-content\/uploads\/2024\/12\/469614068_122185935488091802_473602688281301990_n.jpg","contentUrl":"https:\/\/repaircafebudapest.hu\/wp-content\/uploads\/2024\/12\/469614068_122185935488091802_473602688281301990_n.jpg","width":1920,"height":1080,"caption":"K\u00f6z\u00f6ss\u00e9gi kar\u00e1csonyfa d\u00edsz\u00edt\u00e9s"},{"@type":"BreadcrumbList","@id":"https:\/\/repaircafebudapest.hu\/event\/kozossegi-karacsonyfa-diszites\/#breadcrumb","itemListElement":[{"@type":"ListItem","position":1,"name":"Kezd\u0151lap","item":"https:\/\/repaircafebudapest.hu\/"},{"@type":"ListItem","position":2,"name":"K\u00f6z\u00f6ss\u00e9gi kar\u00e1csonyfa d\u00edsz\u00edt\u00e9s"}]},{"@type":"WebSite","@id":"https:\/\/repaircafebudapest.hu\/#website","url":"https:\/\/repaircafebudapest.hu\/","name":"Repair Cafe Budapest","description":"Repair Cafe Budapest","publisher":{"@id":"https:\/\/repaircafebudapest.hu\/#organization"},"potentialAction":[{"@type":"SearchAction","target":{"@type":"EntryPoint","urlTemplate":"https:\/\/repaircafebudapest.hu\/?s={search_term_string}"},"query-input":{"@type":"PropertyValueSpecification","valueRequired":true,"valueName":"search_term_string"}}],"inLanguage":"en-GB"},{"@type":"Organization","@id":"https:\/\/repaircafebudapest.hu\/#organization","name":"Repair Cafe Budapest","url":"https:\/\/repaircafebudapest.hu\/","logo":{"@type":"ImageObject","inLanguage":"en-GB","@id":"https:\/\/repaircafebudapest.hu\/#\/schema\/logo\/image\/","url":"https:\/\/repaircafebudapest.hu\/wp-content\/uploads\/2023\/11\/rcb-logo.webp","contentUrl":"https:\/\/repaircafebudapest.hu\/wp-content\/uploads\/2023\/11\/rcb-logo.webp","width":2298,"height":1000,"caption":"Repair Cafe Budapest"},"image":{"@id":"https:\/\/repaircafebudapest.hu\/#\/schema\/logo\/image\/"},"sameAs":["https:\/\/www.facebook.com\/profile.php?id=61552754066692&locale=hu_HU"]}]}},"_links":{"self":[{"href":"https:\/\/repaircafebudapest.hu\/en\/wp-json\/wp\/v2\/event_listing\/1058","targetHints":{"allow":["GET"]}}],"collection":[{"href":"https:\/\/repaircafebudapest.hu\/en\/wp-json\/wp\/v2\/event_listing"}],"about":[{"href":"https:\/\/repaircafebudapest.hu\/en\/wp-json\/wp\/v2\/types\/event_listing"}],"wp:featuredmedia":[{"embeddable":true,"href":"https:\/\/repaircafebudapest.hu\/en\/wp-json\/wp\/v2\/media\/1059"}],"wp:attachment":[{"href":"https:\/\/repaircafebudapest.hu\/en\/wp-json\/wp\/v2\/media?parent=1058"}],"wp:term":[{"taxonomy":"event_listing_category","embeddable":true,"href":"https:\/\/repaircafebudapest.hu\/en\/wp-json\/wp\/v2\/event_listing_category?post=1058"},{"taxonomy":"event_listing_type","embeddable":true,"href":"https:\/\/repaircafebudapest.hu\/en\/wp-json\/wp\/v2\/event_listing_type?post=1058"}],"curies":[{"name":"wp","href":"https:\/\/api.w.org\/{rel}","templated":true}]}}