{"id":1054,"date":"2024-11-29T10:26:28","date_gmt":"2024-11-29T09:26:28","guid":{"rendered":"https:\/\/repaircafebudapest.hu\/?post_type=event_listing&#038;p=1054"},"modified":"2024-12-11T00:05:44","modified_gmt":"2024-12-10T23:05:44","slug":"clothing-repair-workshop-2","status":"expired","type":"event_listing","link":"https:\/\/repaircafebudapest.hu\/en\/event\/clothing-repair-workshop-2\/","title":{"rendered":"Clothing Repair Workshop #2"},"content":{"rendered":"<div class=\"xdj266r x11i5rnm xat24cr x1mh8g0r x1vvkbs\">\n<p><strong>Regisztr\u00e1ljon itt\/Register For the workshop here<\/strong>: <a href=\"https:\/\/framaforms.org\/clothing-repair-workshop-1730328327\">https:\/\/framaforms.org\/clothing-repair-workshop-1730328327<\/a><\/p>\n<p>[ENGLISH BELOW]<\/p>\n<p><span class=\"html-span xexx8yu x4uap5 x18d9i69 xkhd6sd x1hl2dhg x16tdsg8 x1vvkbs x3nfvp2 x1j61x8r x1fcty0u xdj266r xat24cr xgzva0m xhhsvwb xxymvpz xlup9mm x1kky2od\"><img decoding=\"async\" class=\"xz74otr\" src=\"https:\/\/static.xx.fbcdn.net\/images\/emoji.php\/v9\/t39\/1\/16\/1f4e2.png\" alt=\"\ud83d\udce2\" width=\"16\" height=\"16\" \/> <\/span>A Ruhajav\u00edt\u00f3 M\u0171hely a sikeres novemberi alkalom ut\u00e1n ism\u00e9t megrendez\u00e9sre ker\u00fcl! Csatlakozz hozz\u00e1nk, \u00e9s adj egy m\u00e1sodik es\u00e9lyt a ruh\u00e1idnak!<\/p>\n<p><img decoding=\"async\" class=\"xz74otr\" src=\"https:\/\/static.xx.fbcdn.net\/images\/emoji.php\/v9\/t1\/1\/16\/1f9e5.png\" alt=\"\ud83e\udde5\" width=\"16\" height=\"16\" \/>\u00a0Legyen sz\u00f3 foltokr\u00f3l, szeg\u00e9lyekr\u0151l, gombokr\u00f3l, cipz\u00e1rakr\u00f3l vagy m\u00e1s alapvet\u0151 jav\u00edt\u00e1sokr\u00f3l, szak\u00e9rt\u0151ink ott lesznek, hogy bevezessenek a ruhajav\u00edt\u00e1s rejtelmeibe. Megtan\u00edtj\u00e1k neked mindazokat a technik\u00e1kat, amelyekre az \u00f6n\u00e1ll\u00f3 ruhajav\u00edt\u00e1shoz sz\u00fcks\u00e9ged lehet.<br \/>\nS\u0151t, ha megtanulod, hogyan jav\u00edtsd meg saj\u00e1t ruh\u00e1idat, az egyben remek m\u00f3dja annak is, hogy nemet mondj a divatiparb\u00f3l \u00e1rad\u00f3 t\u00falfogyaszt\u00e1snak, \u00e9s olyan hasznos k\u00e9szs\u00e9geket fejlessz, amelyek j\u00f3l j\u00f6nnek a mindennapokban.<\/p>\n<p>Teh\u00e1t ak\u00e1r szereted a k\u00e9tkezi munk\u00e1t, ak\u00e1r \u00f6n\u00e1ll\u00f3bb szeretn\u00e9l lenni, vagy ak\u00e1r mindkett\u0151&#8230; Nagyon sz\u00edvesen l\u00e1tunk!<\/p>\n<p>Tal\u00e1lkozzunk :<br \/>\n<img decoding=\"async\" class=\"xz74otr\" src=\"https:\/\/static.xx.fbcdn.net\/images\/emoji.php\/v9\/t7e\/1\/16\/1f4c5.png\" alt=\"\ud83d\udcc5\" width=\"16\" height=\"16\" \/> <strong>December 10-\u00e9n kedden<\/strong><br \/>\n<img loading=\"lazy\" decoding=\"async\" class=\"xz74otr\" src=\"https:\/\/static.xx.fbcdn.net\/images\/emoji.php\/v9\/tfa\/1\/16\/231a.png\" alt=\"\u231a\" width=\"16\" height=\"16\" \/> <strong>este 5 \u00e9s 7:30 \u00f3ra k\u00f6z\u00f6tt<\/strong><br \/>\n<img loading=\"lazy\" decoding=\"async\" class=\"xz74otr\" src=\"https:\/\/static.xx.fbcdn.net\/images\/emoji.php\/v9\/tac\/1\/16\/1f4cc.png\" alt=\"\ud83d\udccc\" width=\"16\" height=\"16\" \/>\u00a0<strong>a Repair Caf\u00e9 Budapestben, Teleki L\u00e1szl\u00f3 t\u00e9r 7 sz\u00e1m alatt<\/strong><br \/>\nA Cargonomia, Repair Caf\u00e9 Budapest es az Empty Nest Budapest k\u00f6z\u00f6s szervez\u00e9s\u00e9ben.<\/p>\n<p>** <strong>Repair Caf\u00e9 Budapest<\/strong> **<br \/>\nA jav\u00edt\u00e1s minden form\u00e1j\u00e1nak megismer\u00e9s\u00e9re szolg\u00e1l\u00f3 t\u00e9r. \u00d6sszehozza az embereket egy szersz\u00e1mokkal \u00e9s anyagokkal felszerelt helyen, \u00e9s el\u0151seg\u00edti hasznos k\u00e9szs\u00e9gek \u00e1tad\u00e1s\u00e1t.<\/p>\n<p>** <strong>Cargonomia<\/strong>**<br \/>\nKutat\u00e1si \u00e9s k\u00eds\u00e9rletez\u0151 k\u00f6zpont a Degrowth jegy\u00e9ben. Tev\u00e9kenys\u00e9geik k\u00f6z\u00e9ppontj\u00e1ban a fenntarthat\u00f3 v\u00e1rosi logisztika (teherbiciklik), az eg\u00e9szs\u00e9ges, helyi \u00e9s szezon\u00e1lis \u00e9lelmiszerek \u00e1llnak, valamint olyan workshopok, amelyek a r\u00e9sztvev\u0151k \u00f6n\u00e1ll\u00f3s\u00e1g\u00e1t fejlesztik.<\/p>\n<p>**<strong>Empty Nest Budapest<\/strong> **<br \/>\nM\u00f3nika, az Empty Nest Budapest alap\u00edt\u00f3ja patchwork varr\u00f3 szakk\u00f6r\u00f6ket tart gyerekeknek \u00e9s feln\u0151tteknek Budapest belv\u00e1ros\u00e1ban. Ezen k\u00edv\u00fcl M\u00f3nika horgolt \u00e1llatk\u00e1kat \u00e9s patchwork takar\u00f3kat k\u00e9sz\u00edt megrendel\u00e9sre. Tov\u00e1bbi inform\u00e1ci\u00f3\u00e9rt keresd fel az Empty Nest Budapest Instagram vagy Facebook oldal\u00e1t.<\/p>\n<p>__________________________<\/p>\n<p><img decoding=\"async\" class=\"xz74otr\" src=\"https:\/\/static.xx.fbcdn.net\/images\/emoji.php\/v9\/t39\/1\/16\/1f4e2.png\" alt=\"\ud83d\udce2\" width=\"16\" height=\"16\" \/> The Clothing Repair Workshop is back after a successful session early November. So join us and give a second life to your clothes!<\/p>\n<p><span class=\"html-span xexx8yu x4uap5 x18d9i69 xkhd6sd x1hl2dhg x16tdsg8 x1vvkbs x3nfvp2 x1j61x8r x1fcty0u xdj266r xat24cr xgzva0m xhhsvwb xxymvpz xlup9mm x1kky2od\"><img loading=\"lazy\" decoding=\"async\" class=\"xz74otr\" src=\"https:\/\/static.xx.fbcdn.net\/images\/emoji.php\/v9\/t82\/1\/16\/1f9e6.png\" alt=\"\ud83e\udde6\" width=\"16\" height=\"16\" \/><\/span>\u00a0\u00a0Patches, hems, buttons, zips or other basic repairs, our experts will be there to guide you and pass on the techniques you need to be autonomous.<br \/>\nLearning how to repair your clothes is also a way of saying &#8222;no&#8221; to the over-consumption of the fashion industry, and developing useful skills for your everyday life.<\/p>\n<p>So whether you like hands-on work, or you like learning new skills for self-sufficiency, join us at the event!<\/p>\n<p>See you there:<br \/>\n<img decoding=\"async\" class=\"xz74otr\" src=\"https:\/\/static.xx.fbcdn.net\/images\/emoji.php\/v9\/t7e\/1\/16\/1f4c5.png\" alt=\"\ud83d\udcc5\" width=\"16\" height=\"16\" \/>\u00a0<strong>Tuesday, December 10<\/strong><br \/>\n<span class=\"html-span xexx8yu x4uap5 x18d9i69 xkhd6sd x1hl2dhg x16tdsg8 x1vvkbs x3nfvp2 x1j61x8r x1fcty0u xdj266r xat24cr xgzva0m xhhsvwb xxymvpz xlup9mm x1kky2od\"><img loading=\"lazy\" decoding=\"async\" class=\"xz74otr\" src=\"https:\/\/static.xx.fbcdn.net\/images\/emoji.php\/v9\/tfa\/1\/16\/231a.png\" alt=\"\u231a\" width=\"16\" height=\"16\" \/> <\/span><strong>5 to 7:30pm<\/strong><br \/>\n<span class=\"html-span xexx8yu x4uap5 x18d9i69 xkhd6sd x1hl2dhg x16tdsg8 x1vvkbs x3nfvp2 x1j61x8r x1fcty0u xdj266r xat24cr xgzva0m xhhsvwb xxymvpz xlup9mm x1kky2od\"><img loading=\"lazy\" decoding=\"async\" class=\"xz74otr\" src=\"https:\/\/static.xx.fbcdn.net\/images\/emoji.php\/v9\/tac\/1\/16\/1f4cc.png\" alt=\"\ud83d\udccc\" width=\"16\" height=\"16\" \/><\/span>\u00a0<strong>At Repair Caf\u00e9 Budapest, Teleki L\u00e1szl\u00f3 t\u00e9r 7<\/strong><\/p>\n<p>Event co-organized by Cargonomia, Repair Caf\u00e9 Budapest and Empty Nest BP<\/p>\n<p>** <strong>Repair Caf\u00e9 Budapest<\/strong> **<br \/>\nA space dedicated to learning about repair in all its forms. It brings people together, in a place equipped with tools and materials, and facilitates the transmission of skills.<\/p>\n<p>** <strong>Cargonomia<\/strong>**<br \/>\nResearch and experimentation center about Degrowth. Their activities focus on sustainable urban logistics (cargo bikes), healthy, local and seasonal food, and workshops to help participants become self-sufficient.<\/p>\n<p>** <strong>Empty Nest Budapest<\/strong> **<br \/>\nMonika from Empty Nest Budapest runs patchwork sewing workshops in downtown Budapest. She also makes crochet animals &amp; patchwork blankets to order. For more information check out @emptynestbudapest on IG or FB<\/p>\n<\/div>\n","protected":false},"featured_media":1055,"template":"","meta":{"_acf_changed":false},"event_listing_category":[],"event_listing_type":[],"class_list":["post-1054","event_listing","type-event_listing","status-expired","has-post-thumbnail","hentry"],"acf":[],"yoast_head":"<!-- This site is optimized with the Yoast SEO Premium plugin v27.4 (Yoast SEO v27.4) - https:\/\/yoast.com\/product\/yoast-seo-premium-wordpress\/ -->\n<title>Clothing Repair Workshop #2 - Repair Cafe Budapest<\/title>\n<meta name=\"description\" content=\"Vegy\u00e9l r\u00e9szt december 10-\u00e9n a Ruhajav\u00edt\u00f3 M\u0171helyen a Repair Caf\u00e9 Budapestben, \u00e9s tanuld meg a ruhajav\u00edt\u00e1s alapjait fenntarthat\u00f3 szeml\u00e9lettel!\" \/>\n<meta name=\"robots\" content=\"index, follow, max-snippet:-1, max-image-preview:large, max-video-preview:-1\" \/>\n<link rel=\"canonical\" href=\"https:\/\/repaircafebudapest.hu\/en\/event\/clothing-repair-workshop-2\/\" \/>\n<meta property=\"og:locale\" content=\"en_GB\" \/>\n<meta property=\"og:type\" content=\"article\" \/>\n<meta property=\"og:title\" content=\"Clothing Repair Workshop #2\" \/>\n<meta property=\"og:description\" content=\"Vegy\u00e9l r\u00e9szt december 10-\u00e9n a Ruhajav\u00edt\u00f3 M\u0171helyen a Repair Caf\u00e9 Budapestben, \u00e9s tanuld meg a ruhajav\u00edt\u00e1s alapjait fenntarthat\u00f3 szeml\u00e9lettel!\" \/>\n<meta property=\"og:url\" content=\"https:\/\/repaircafebudapest.hu\/en\/event\/clothing-repair-workshop-2\/\" \/>\n<meta property=\"og:site_name\" content=\"Repair Cafe Budapest\" \/>\n<meta property=\"article:publisher\" content=\"https:\/\/www.facebook.com\/profile.php?id=61552754066692&amp;locale=hu_HU\" \/>\n<meta property=\"article:modified_time\" content=\"2024-12-10T23:05:44+00:00\" \/>\n<meta property=\"og:image\" content=\"https:\/\/repaircafebudapest.hu\/wp-content\/uploads\/2024\/11\/468620750_989474533221011_5354529482425865012_n.jpg\" \/>\n\t<meta property=\"og:image:width\" content=\"940\" \/>\n\t<meta property=\"og:image:height\" content=\"788\" \/>\n\t<meta property=\"og:image:type\" content=\"image\/jpeg\" \/>\n<meta name=\"twitter:card\" content=\"summary_large_image\" \/>\n<meta name=\"twitter:label1\" content=\"Estimated reading time\" \/>\n\t<meta name=\"twitter:data1\" content=\"5 minutes\" \/>\n<script type=\"application\/ld+json\" class=\"yoast-schema-graph\">{\"@context\":\"https:\\\/\\\/schema.org\",\"@graph\":[{\"@type\":\"WebPage\",\"@id\":\"https:\\\/\\\/repaircafebudapest.hu\\\/event\\\/clothing-repair-workshop-2\\\/\",\"url\":\"https:\\\/\\\/repaircafebudapest.hu\\\/event\\\/clothing-repair-workshop-2\\\/\",\"name\":\"Clothing Repair Workshop #2 - Repair Cafe Budapest\",\"isPartOf\":{\"@id\":\"https:\\\/\\\/repaircafebudapest.hu\\\/#website\"},\"primaryImageOfPage\":{\"@id\":\"https:\\\/\\\/repaircafebudapest.hu\\\/event\\\/clothing-repair-workshop-2\\\/#primaryimage\"},\"image\":{\"@id\":\"https:\\\/\\\/repaircafebudapest.hu\\\/event\\\/clothing-repair-workshop-2\\\/#primaryimage\"},\"thumbnailUrl\":\"https:\\\/\\\/repaircafebudapest.hu\\\/wp-content\\\/uploads\\\/2024\\\/11\\\/468620750_989474533221011_5354529482425865012_n.jpg\",\"datePublished\":\"2024-11-29T09:26:28+00:00\",\"dateModified\":\"2024-12-10T23:05:44+00:00\",\"description\":\"Vegy\u00e9l r\u00e9szt december 10-\u00e9n a Ruhajav\u00edt\u00f3 M\u0171helyen a Repair Caf\u00e9 Budapestben, \u00e9s tanuld meg a ruhajav\u00edt\u00e1s alapjait fenntarthat\u00f3 szeml\u00e9lettel!\",\"breadcrumb\":{\"@id\":\"https:\\\/\\\/repaircafebudapest.hu\\\/event\\\/clothing-repair-workshop-2\\\/#breadcrumb\"},\"inLanguage\":\"en-GB\",\"potentialAction\":[{\"@type\":\"ReadAction\",\"target\":[\"https:\\\/\\\/repaircafebudapest.hu\\\/event\\\/clothing-repair-workshop-2\\\/\"]}]},{\"@type\":\"ImageObject\",\"inLanguage\":\"en-GB\",\"@id\":\"https:\\\/\\\/repaircafebudapest.hu\\\/event\\\/clothing-repair-workshop-2\\\/#primaryimage\",\"url\":\"https:\\\/\\\/repaircafebudapest.hu\\\/wp-content\\\/uploads\\\/2024\\\/11\\\/468620750_989474533221011_5354529482425865012_n.jpg\",\"contentUrl\":\"https:\\\/\\\/repaircafebudapest.hu\\\/wp-content\\\/uploads\\\/2024\\\/11\\\/468620750_989474533221011_5354529482425865012_n.jpg\",\"width\":940,\"height\":788,\"caption\":\"Clothing Repair Workshop #2\"},{\"@type\":\"BreadcrumbList\",\"@id\":\"https:\\\/\\\/repaircafebudapest.hu\\\/event\\\/clothing-repair-workshop-2\\\/#breadcrumb\",\"itemListElement\":[{\"@type\":\"ListItem\",\"position\":1,\"name\":\"Kezd\u0151lap\",\"item\":\"https:\\\/\\\/repaircafebudapest.hu\\\/\"},{\"@type\":\"ListItem\",\"position\":2,\"name\":\"Clothing Repair Workshop #2\"}]},{\"@type\":\"WebSite\",\"@id\":\"https:\\\/\\\/repaircafebudapest.hu\\\/#website\",\"url\":\"https:\\\/\\\/repaircafebudapest.hu\\\/\",\"name\":\"Repair Cafe Budapest\",\"description\":\"Repair Cafe Budapest\",\"publisher\":{\"@id\":\"https:\\\/\\\/repaircafebudapest.hu\\\/#organization\"},\"potentialAction\":[{\"@type\":\"SearchAction\",\"target\":{\"@type\":\"EntryPoint\",\"urlTemplate\":\"https:\\\/\\\/repaircafebudapest.hu\\\/?s={search_term_string}\"},\"query-input\":{\"@type\":\"PropertyValueSpecification\",\"valueRequired\":true,\"valueName\":\"search_term_string\"}}],\"inLanguage\":\"en-GB\"},{\"@type\":\"Organization\",\"@id\":\"https:\\\/\\\/repaircafebudapest.hu\\\/#organization\",\"name\":\"Repair Cafe Budapest\",\"url\":\"https:\\\/\\\/repaircafebudapest.hu\\\/\",\"logo\":{\"@type\":\"ImageObject\",\"inLanguage\":\"en-GB\",\"@id\":\"https:\\\/\\\/repaircafebudapest.hu\\\/#\\\/schema\\\/logo\\\/image\\\/\",\"url\":\"https:\\\/\\\/repaircafebudapest.hu\\\/wp-content\\\/uploads\\\/2023\\\/11\\\/rcb-logo.webp\",\"contentUrl\":\"https:\\\/\\\/repaircafebudapest.hu\\\/wp-content\\\/uploads\\\/2023\\\/11\\\/rcb-logo.webp\",\"width\":2298,\"height\":1000,\"caption\":\"Repair Cafe Budapest\"},\"image\":{\"@id\":\"https:\\\/\\\/repaircafebudapest.hu\\\/#\\\/schema\\\/logo\\\/image\\\/\"},\"sameAs\":[\"https:\\\/\\\/www.facebook.com\\\/profile.php?id=61552754066692&locale=hu_HU\"]}]}<\/script>\n<!-- \/ Yoast SEO Premium plugin. -->","yoast_head_json":{"title":"Clothing Repair Workshop #2 - Repair Cafe Budapest","description":"Vegy\u00e9l r\u00e9szt december 10-\u00e9n a Ruhajav\u00edt\u00f3 M\u0171helyen a Repair Caf\u00e9 Budapestben, \u00e9s tanuld meg a ruhajav\u00edt\u00e1s alapjait fenntarthat\u00f3 szeml\u00e9lettel!","robots":{"index":"index","follow":"follow","max-snippet":"max-snippet:-1","max-image-preview":"max-image-preview:large","max-video-preview":"max-video-preview:-1"},"canonical":"https:\/\/repaircafebudapest.hu\/en\/event\/clothing-repair-workshop-2\/","og_locale":"en_GB","og_type":"article","og_title":"Clothing Repair Workshop #2","og_description":"Vegy\u00e9l r\u00e9szt december 10-\u00e9n a Ruhajav\u00edt\u00f3 M\u0171helyen a Repair Caf\u00e9 Budapestben, \u00e9s tanuld meg a ruhajav\u00edt\u00e1s alapjait fenntarthat\u00f3 szeml\u00e9lettel!","og_url":"https:\/\/repaircafebudapest.hu\/en\/event\/clothing-repair-workshop-2\/","og_site_name":"Repair Cafe Budapest","article_publisher":"https:\/\/www.facebook.com\/profile.php?id=61552754066692&locale=hu_HU","article_modified_time":"2024-12-10T23:05:44+00:00","og_image":[{"width":940,"height":788,"url":"https:\/\/repaircafebudapest.hu\/wp-content\/uploads\/2024\/11\/468620750_989474533221011_5354529482425865012_n.jpg","type":"image\/jpeg"}],"twitter_card":"summary_large_image","twitter_misc":{"Estimated reading time":"5 minutes"},"schema":{"@context":"https:\/\/schema.org","@graph":[{"@type":"WebPage","@id":"https:\/\/repaircafebudapest.hu\/event\/clothing-repair-workshop-2\/","url":"https:\/\/repaircafebudapest.hu\/event\/clothing-repair-workshop-2\/","name":"Clothing Repair Workshop #2 - Repair Cafe Budapest","isPartOf":{"@id":"https:\/\/repaircafebudapest.hu\/#website"},"primaryImageOfPage":{"@id":"https:\/\/repaircafebudapest.hu\/event\/clothing-repair-workshop-2\/#primaryimage"},"image":{"@id":"https:\/\/repaircafebudapest.hu\/event\/clothing-repair-workshop-2\/#primaryimage"},"thumbnailUrl":"https:\/\/repaircafebudapest.hu\/wp-content\/uploads\/2024\/11\/468620750_989474533221011_5354529482425865012_n.jpg","datePublished":"2024-11-29T09:26:28+00:00","dateModified":"2024-12-10T23:05:44+00:00","description":"Vegy\u00e9l r\u00e9szt december 10-\u00e9n a Ruhajav\u00edt\u00f3 M\u0171helyen a Repair Caf\u00e9 Budapestben, \u00e9s tanuld meg a ruhajav\u00edt\u00e1s alapjait fenntarthat\u00f3 szeml\u00e9lettel!","breadcrumb":{"@id":"https:\/\/repaircafebudapest.hu\/event\/clothing-repair-workshop-2\/#breadcrumb"},"inLanguage":"en-GB","potentialAction":[{"@type":"ReadAction","target":["https:\/\/repaircafebudapest.hu\/event\/clothing-repair-workshop-2\/"]}]},{"@type":"ImageObject","inLanguage":"en-GB","@id":"https:\/\/repaircafebudapest.hu\/event\/clothing-repair-workshop-2\/#primaryimage","url":"https:\/\/repaircafebudapest.hu\/wp-content\/uploads\/2024\/11\/468620750_989474533221011_5354529482425865012_n.jpg","contentUrl":"https:\/\/repaircafebudapest.hu\/wp-content\/uploads\/2024\/11\/468620750_989474533221011_5354529482425865012_n.jpg","width":940,"height":788,"caption":"Clothing Repair Workshop #2"},{"@type":"BreadcrumbList","@id":"https:\/\/repaircafebudapest.hu\/event\/clothing-repair-workshop-2\/#breadcrumb","itemListElement":[{"@type":"ListItem","position":1,"name":"Kezd\u0151lap","item":"https:\/\/repaircafebudapest.hu\/"},{"@type":"ListItem","position":2,"name":"Clothing Repair Workshop #2"}]},{"@type":"WebSite","@id":"https:\/\/repaircafebudapest.hu\/#website","url":"https:\/\/repaircafebudapest.hu\/","name":"Repair Cafe Budapest","description":"Repair Cafe Budapest","publisher":{"@id":"https:\/\/repaircafebudapest.hu\/#organization"},"potentialAction":[{"@type":"SearchAction","target":{"@type":"EntryPoint","urlTemplate":"https:\/\/repaircafebudapest.hu\/?s={search_term_string}"},"query-input":{"@type":"PropertyValueSpecification","valueRequired":true,"valueName":"search_term_string"}}],"inLanguage":"en-GB"},{"@type":"Organization","@id":"https:\/\/repaircafebudapest.hu\/#organization","name":"Repair Cafe Budapest","url":"https:\/\/repaircafebudapest.hu\/","logo":{"@type":"ImageObject","inLanguage":"en-GB","@id":"https:\/\/repaircafebudapest.hu\/#\/schema\/logo\/image\/","url":"https:\/\/repaircafebudapest.hu\/wp-content\/uploads\/2023\/11\/rcb-logo.webp","contentUrl":"https:\/\/repaircafebudapest.hu\/wp-content\/uploads\/2023\/11\/rcb-logo.webp","width":2298,"height":1000,"caption":"Repair Cafe Budapest"},"image":{"@id":"https:\/\/repaircafebudapest.hu\/#\/schema\/logo\/image\/"},"sameAs":["https:\/\/www.facebook.com\/profile.php?id=61552754066692&locale=hu_HU"]}]}},"_links":{"self":[{"href":"https:\/\/repaircafebudapest.hu\/en\/wp-json\/wp\/v2\/event_listing\/1054","targetHints":{"allow":["GET"]}}],"collection":[{"href":"https:\/\/repaircafebudapest.hu\/en\/wp-json\/wp\/v2\/event_listing"}],"about":[{"href":"https:\/\/repaircafebudapest.hu\/en\/wp-json\/wp\/v2\/types\/event_listing"}],"wp:featuredmedia":[{"embeddable":true,"href":"https:\/\/repaircafebudapest.hu\/en\/wp-json\/wp\/v2\/media\/1055"}],"wp:attachment":[{"href":"https:\/\/repaircafebudapest.hu\/en\/wp-json\/wp\/v2\/media?parent=1054"}],"wp:term":[{"taxonomy":"event_listing_category","embeddable":true,"href":"https:\/\/repaircafebudapest.hu\/en\/wp-json\/wp\/v2\/event_listing_category?post=1054"},{"taxonomy":"event_listing_type","embeddable":true,"href":"https:\/\/repaircafebudapest.hu\/en\/wp-json\/wp\/v2\/event_listing_type?post=1054"}],"curies":[{"name":"wp","href":"https:\/\/api.w.org\/{rel}","templated":true}]}}